{"id":554,"date":"2024-03-18T12:33:19","date_gmt":"2024-03-18T11:33:19","guid":{"rendered":"http:\/\/plakor.tomoszek.com\/?page_id=554"},"modified":"2025-09-25T09:16:11","modified_gmt":"2025-09-25T07:16:11","slug":"kariera","status":"publish","type":"page","link":"https:\/\/www.plakor.cz\/en\/kariera\/","title":{"rendered":"Career"},"content":{"rendered":"<p>[et_pb_section fb_built=&#8220;1&#8243; _builder_version=&#8220;4.24.2&#8243; _module_preset=&#8220;default&#8220; custom_margin=&#8220;0%||||false|false&#8220; custom_padding=&#8220;0px||5%||false|false&#8220; global_colors_info=&#8220;{}&#8220;][et_pb_row _builder_version=&#8220;4.17.4&#8243; _module_preset=&#8220;default&#8220; custom_padding=&#8220;|||4%|false|false&#8220; global_colors_info=&#8220;{}&#8220;][et_pb_column type=&#8220;4_4&#8243; _builder_version=&#8220;4.17.4&#8243; _module_preset=&#8220;default&#8220; global_colors_info=&#8220;{}&#8220;][et_pb_text _builder_version=&#8220;4.17.4&#8243; _module_preset=&#8220;default&#8220; header_font=&#8220;|700|||||||&#8220; header_font_size=&#8220;3vw&#8220; header_font_size_tablet=&#8220;40px&#8220; header_font_size_phone=&#8220;40px&#8220; header_font_size_last_edited=&#8220;on|phone&#8220; global_colors_info=&#8220;{}&#8220;]<\/p>\n<h1>Kari\u00e9ra v PLAKOR CZECH bav\u00ed<\/h1>\n<p>[\/et_pb_text][\/et_pb_column][\/et_pb_row][et_pb_row column_structure=&#8220;1_2,1_2&#8243; use_custom_gutter=&#8220;on&#8220; gutter_width=&#8220;1&#8243; make_equal=&#8220;on&#8220; _builder_version=&#8220;4.24.2&#8243; _module_preset=&#8220;default&#8220; background_color=&#8220;rgba(0,0,0,0.05)&#8220; min_height=&#8220;511.8px&#8220; custom_padding=&#8220;0px||0px||false|false&#8220; border_radii=&#8220;on|10px|10px|10px|10px&#8220; global_module=&#8220;241689&#8243; saved_tabs=&#8220;all&#8220; global_colors_info=&#8220;{}&#8220;][et_pb_column type=&#8220;1_2&#8243; _builder_version=&#8220;4.17.4&#8243; _module_preset=&#8220;default&#8220; background_enable_color=&#8220;off&#8220; custom_padding=&#8220;6%|6%|6%|6%|true|true&#8220; global_colors_info=&#8220;{}&#8220;][et_pb_text _builder_version=&#8220;4.27.4&#8243; _module_preset=&#8220;default&#8220; header_font=&#8220;|700|||||||&#8220; header_font_size=&#8220;2vw&#8220; header_line_height=&#8220;1.3em&#8220; header_3_line_height=&#8220;1.7em&#8220; header_font_size_tablet=&#8220;&#8220; header_font_size_phone=&#8220;30px&#8220; header_font_size_last_edited=&#8220;on|phone&#8220; global_colors_info=&#8220;{}&#8220;]<\/p>\n<h3>PLAKOR CZECH<\/h3>\n<h1>Spojte se s t\u011bmi nejlep\u0161\u00edmi<\/h1>\n<p>&nbsp;<\/p>\n<p>Jsme pevn\u011b p\u0159esv\u011bd\u010deni, \u017ee kl\u00ed\u010dem k na\u0161emu \u00fasp\u011bchu jsou na\u0161i zam\u011bstnanci. Proto se sna\u017e\u00edme vytv\u00e1\u0159et prost\u0159ed\u00ed, kde se c\u00edt\u00ed nejen ocen\u011bni za svou pr\u00e1ci, ale i motivov\u00e1ni k profesn\u00edmu r\u016fstu a osobn\u00edmu rozvoji. Hled\u00e1me kolegyn\u011b a kolegy s pozitivn\u00edm p\u0159\u00edstupem, kte\u0159\u00ed jsou otev\u0159eni v\u00fdzv\u00e1m a cht\u011bj\u00ed r\u016fst spolu se spole\u010dnost\u00ed. Nab\u00eddnout V\u00e1m m\u016f\u017eeme nejen dobrou mzdu, ale tak\u00e9 \u0161irokou \u0161k\u00e1lu zam\u011bstnaneck\u00fdch v\u00fdhod a benefit\u016f.<\/p>\n<p>[\/et_pb_text][et_pb_button button_url=&#8220;#pozice&#8220; button_text=&#8220;Voln\u00e9 pracovn\u00ed pozice&#8220; button_alignment=&#8220;left&#8220; _builder_version=&#8220;4.24.2&#8243; _module_preset=&#8220;default&#8220; custom_button=&#8220;on&#8220; button_text_size=&#8220;16px&#8220; button_border_width=&#8220;10px&#8220; button_border_color=&#8220;RGBA(255,255,255,0)&#8220; button_letter_spacing=&#8220;2px&#8220; button_font=&#8220;|700|||||||&#8220; button_icon=&#8220;&#x35;||divi||400&#8243; button_on_hover=&#8220;off&#8220; custom_margin=&#8220;5%||2%||false|false&#8220; global_colors_info=&#8220;{}&#8220; button_letter_spacing__hover_enabled=&#8220;on|desktop&#8220; button_letter_spacing__hover=&#8220;3px&#8220;][\/et_pb_button][\/et_pb_column][et_pb_column type=&#8220;1_2&#8243; _builder_version=&#8220;4.24.2&#8243; _module_preset=&#8220;default&#8220; background_image=&#8220;https:\/\/www.plakor.cz\/wp-content\/uploads\/2024\/03\/Plakor-kariera-6-scaled.webp&#8220; background_position=&#8220;top_left&#8220; global_colors_info=&#8220;{}&#8220;][\/et_pb_column][\/et_pb_row][et_pb_row column_structure=&#8220;1_3,1_3,1_3&#8243; use_custom_gutter=&#8220;on&#8220; gutter_width=&#8220;2&#8243; make_equal=&#8220;on&#8220; _builder_version=&#8220;4.24.2&#8243; _module_preset=&#8220;default&#8220; custom_margin=&#8220;20px||||false|false&#8220; custom_padding=&#8220;||0px||false|false&#8220; global_module=&#8220;241690&#8243; saved_tabs=&#8220;all&#8220; global_colors_info=&#8220;{}&#8220;][et_pb_column type=&#8220;1_3&#8243; _builder_version=&#8220;4.24.2&#8243; _module_preset=&#8220;default&#8220; background_color=&#8220;rgba(224,43,32,0.1)&#8220; custom_padding=&#8220;3%|3%|3%|3%|true|true&#8220; border_radii=&#8220;on|10px|10px|10px|10px&#8220; global_colors_info=&#8220;{}&#8220;][et_pb_text _builder_version=&#8220;4.27.4&#8243; _module_preset=&#8220;default&#8220; header_font=&#8220;|700|||||||&#8220; header_font_size=&#8220;2vw&#8220; header_line_height=&#8220;1.3em&#8220; header_3_line_height=&#8220;1.7em&#8220; header_font_size_tablet=&#8220;&#8220; header_font_size_phone=&#8220;30px&#8220; header_font_size_last_edited=&#8220;on|phone&#8220; global_colors_info=&#8220;{}&#8220;]<\/p>\n<h1>T\u00e1hneme za jeden<\/h1>\n<h1>provaz<\/h1>\n<p>[\/et_pb_text][et_pb_text _builder_version=&#8220;4.27.4&#8243; _module_preset=&#8220;default&#8220; header_font=&#8220;|700|||||||&#8220; header_font_size=&#8220;2vw&#8220; header_line_height=&#8220;1.3em&#8220; header_3_line_height=&#8220;1.7em&#8220; global_colors_info=&#8220;{}&#8220;]<\/p>\n<p>N\u00e1\u0161 \u00fasp\u011bch je v\u00fdsledkem t\u00fdmov\u00e9 pr\u00e1ce. Otev\u0159en\u00e1 komunikace a vz\u00e1jemn\u00e1 podpora n\u00e1m pom\u00e1h\u00e1 dos\u00e1hnout stanoven\u00fdch c\u00edl\u016f a \u010delit v\u00fdzv\u00e1m, kter\u00e9 dynamicky se rozv\u00edjej\u00edc\u00ed automobilov\u00fd pr\u016fmysl p\u0159in\u00e1\u0161\u00ed.<\/p>\n<p>[\/et_pb_text][\/et_pb_column][et_pb_column type=&#8220;1_3&#8243; _builder_version=&#8220;4.24.2&#8243; _module_preset=&#8220;default&#8220; background_color=&#8220;rgba(224,153,0,0.1)&#8220; custom_padding=&#8220;3%|3%|3%|3%|true|true&#8220; border_radii=&#8220;on|10px|10px|10px|10px&#8220; global_colors_info=&#8220;{}&#8220;][et_pb_text _builder_version=&#8220;4.27.4&#8243; _module_preset=&#8220;default&#8220; header_font=&#8220;|700|||||||&#8220; header_font_size=&#8220;2vw&#8220; header_line_height=&#8220;1.3em&#8220; header_3_line_height=&#8220;1.7em&#8220; header_font_size_tablet=&#8220;&#8220; header_font_size_phone=&#8220;30px&#8220; header_font_size_last_edited=&#8220;on|phone&#8220; global_colors_info=&#8220;{}&#8220;]<\/p>\n<h1>Stabiln\u00ed<\/h1>\n<h1>zam\u011bstnavatel<\/h1>\n<p>[\/et_pb_text][et_pb_text _builder_version=&#8220;4.27.4&#8243; _module_preset=&#8220;default&#8220; header_font=&#8220;|700|||||||&#8220; header_font_size=&#8220;2vw&#8220; header_line_height=&#8220;1.3em&#8220; header_3_line_height=&#8220;1.7em&#8220; global_colors_info=&#8220;{}&#8220;]<\/p>\n<p>Preferujeme dlouhodobou spolupr\u00e1ci, a to jak s na\u0161imi z\u00e1kazn\u00edky, tak i zam\u011bstnanci. Nab\u00edz\u00edme jim stabiln\u00ed zam\u011bstn\u00e1n\u00ed, investujeme do jejich rozvoje a podporujeme jejich kari\u00e9rn\u00ed r\u016fst.<\/p>\n<p>[\/et_pb_text][\/et_pb_column][et_pb_column type=&#8220;1_3&#8243; _builder_version=&#8220;4.24.2&#8243; _module_preset=&#8220;default&#8220; background_color=&#8220;rgba(131,0,233,0.09)&#8220; custom_padding=&#8220;3%|3%|3%|3%|true|true&#8220; border_radii=&#8220;on|10px|10px|10px|10px&#8220; global_colors_info=&#8220;{}&#8220;][et_pb_text _builder_version=&#8220;4.27.4&#8243; _module_preset=&#8220;default&#8220; header_font=&#8220;|700|||||||&#8220; header_font_size=&#8220;2vw&#8220; header_line_height=&#8220;1.3em&#8220; header_3_line_height=&#8220;1.7em&#8220; header_font_size_tablet=&#8220;&#8220; header_font_size_phone=&#8220;30px&#8220; header_font_size_last_edited=&#8220;on|phone&#8220; global_colors_info=&#8220;{}&#8220;]<\/p>\n<h1>Inovace &amp;<\/h1>\n<h1>zm\u011bna<\/h1>\n<p>[\/et_pb_text][et_pb_text _builder_version=&#8220;4.27.4&#8243; _module_preset=&#8220;default&#8220; header_font=&#8220;|700|||||||&#8220; header_font_size=&#8220;2vw&#8220; header_line_height=&#8220;1.3em&#8220; header_3_line_height=&#8220;1.7em&#8220; global_colors_info=&#8220;{}&#8220;]<\/p>\n<p>Slova, kter\u00fdch se neboj\u00edme. Naopak, vn\u00edm\u00e1me je jako p\u0159\u00edle\u017eitost k r\u016fstu a rozvoji. D\u00edky tomu se rychle dok\u00e1\u017eeme p\u0159izp\u016fsobit zm\u011bn\u00e1m a b\u00fdt flexibiln\u00ed ve v\u0161em, co d\u011bl\u00e1me. Na\u0161im c\u00edlem je kvalitn\u011b odveden\u00e1 pr\u00e1ce a spokojen\u00fd z\u00e1kazn\u00edk.<\/p>\n<p>[\/et_pb_text][\/et_pb_column][\/et_pb_row][et_pb_row column_structure=&#8220;1_2,1_2&#8243; use_custom_gutter=&#8220;on&#8220; gutter_width=&#8220;2&#8243; make_equal=&#8220;on&#8220; _builder_version=&#8220;4.24.2&#8243; _module_preset=&#8220;default&#8220; custom_margin=&#8220;20px||||false|false&#8220; global_module=&#8220;241691&#8243; saved_tabs=&#8220;all&#8220; global_colors_info=&#8220;{}&#8220;][et_pb_column type=&#8220;1_2&#8243; _builder_version=&#8220;4.24.2&#8243; _module_preset=&#8220;default&#8220; background_color=&#8220;rgba(0,0,0,0.05)&#8220; custom_padding=&#8220;0%|0%|0%|0%|true|true&#8220; border_radii=&#8220;on|10px|10px|10px|10px&#8220; global_colors_info=&#8220;{}&#8220;][et_pb_video _builder_version=&#8220;4.27.4&#8243; _module_preset=&#8220;default&#8220; title_text=&#8220;Mont\u00e1\u017e&#8220; src_webm=&#8220;https:\/\/www.plakor.cz\/wp-content\/uploads\/2024\/03\/Montaz.webm&#8220; hover_enabled=&#8220;0&#8243; sticky_enabled=&#8220;0&#8243;][\/et_pb_video][\/et_pb_column][et_pb_column type=&#8220;1_2&#8243; _builder_version=&#8220;4.24.2&#8243; _module_preset=&#8220;default&#8220; background_color=&#8220;rgba(0,0,0,0.05)&#8220; custom_padding=&#8220;0%|0%|0%|0%|true|true&#8220; border_radii=&#8220;on|10px|10px|10px|10px&#8220; global_colors_info=&#8220;{}&#8220;][et_pb_video src_webm=&#8220;https:\/\/www.plakor.cz\/wp-content\/uploads\/2024\/03\/Irena.webm&#8220; _builder_version=&#8220;4.24.2&#8243; _module_preset=&#8220;default&#8220; custom_margin=&#8220;0px|0px|0px|0px|false|false&#8220; global_colors_info=&#8220;{}&#8220;][\/et_pb_video][\/et_pb_column][\/et_pb_row][et_pb_row column_structure=&#8220;1_2,1_2&#8243; use_custom_gutter=&#8220;on&#8220; gutter_width=&#8220;1&#8243; make_equal=&#8220;on&#8220; _builder_version=&#8220;4.24.2&#8243; _module_preset=&#8220;default&#8220; background_color=&#8220;rgba(0,0,0,0.05)&#8220; custom_padding=&#8220;0px||0px||false|false&#8220; border_radii=&#8220;on|10px|10px|10px|10px&#8220; global_module=&#8220;241692&#8243; saved_tabs=&#8220;all&#8220; global_colors_info=&#8220;{}&#8220;][et_pb_column type=&#8220;1_2&#8243; _builder_version=&#8220;4.24.2&#8243; _module_preset=&#8220;default&#8220; background_image=&#8220;https:\/\/www.plakor.cz\/wp-content\/uploads\/2024\/03\/PLAKOR-autobus-scaled.webp&#8220; background_position=&#8220;top_right&#8220; background_last_edited=&#8220;on|phone&#8220; background_enable_image_phone=&#8220;off&#8220; global_colors_info=&#8220;{}&#8220;][et_pb_image src=&#8220;https:\/\/www.plakor.cz\/wp-content\/uploads\/2024\/03\/PLAKOR-autobus-scaled.webp&#8220; title_text=&#8220;PLAKOR autobus&#8220; disabled_on=&#8220;off|on|on&#8220; _builder_version=&#8220;4.24.2&#8243; _module_preset=&#8220;default&#8220; global_colors_info=&#8220;{}&#8220;][\/et_pb_image][\/et_pb_column][et_pb_column type=&#8220;1_2&#8243; _builder_version=&#8220;4.17.4&#8243; _module_preset=&#8220;default&#8220; background_enable_color=&#8220;off&#8220; custom_padding=&#8220;6%|6%|6%|6%|true|true&#8220; global_colors_info=&#8220;{}&#8220;][et_pb_text _builder_version=&#8220;4.27.4&#8243; _module_preset=&#8220;default&#8220; header_font=&#8220;|700|||||||&#8220; header_font_size=&#8220;2vw&#8220; header_line_height=&#8220;1.3em&#8220; header_3_line_height=&#8220;1.7em&#8220; header_font_size_tablet=&#8220;&#8220; header_font_size_phone=&#8220;30px&#8220; header_font_size_last_edited=&#8220;on|phone&#8220; global_colors_info=&#8220;{}&#8220;]<\/p>\n<h3>Vlastn\u00ed autobusov\u00e1 doprava<\/h3>\n<h1>Pohodln\u011b a bez starost\u00ed do pr\u00e1ce a zp\u011bt<\/h1>\n<p>&nbsp;<\/p>\n<p>Nab\u00edz\u00edme na\u0161im zam\u011bstnanc\u016fm bezplatnou autobusovou dopravu.<\/p>\n<p>Zast\u00e1vky autobusu jsou strategicky rozm\u00edst\u011bny tak, aby pokryly co nej\u0161ir\u0161\u00ed oblast a usnadnily cestu do pr\u00e1ce pro co nejv\u00edce lid\u00ed. Zam\u011bstnanci tak u\u0161et\u0159\u00ed nejen \u010das a pen\u00edze za doj\u00ed\u017ed\u011bn\u00ed, ale maj\u00ed mo\u017enost \u010das str\u00e1ven\u00fd na cest\u011b vyu\u017e\u00edt k odpo\u010dinku, p\u0159\u00edprav\u011b na pracovn\u00ed den nebo k nav\u00e1z\u00e1n\u00ed nov\u00fdch p\u0159\u00e1telstv\u00ed.<\/p>\n<p><strong>Sv\u00e1\u017e\u00edme zam\u011bstnance z Ostravy, Hav\u00ed\u0159ova, Orlov\u00e9, Karvin\u00e9, Bohum\u00edna, \u010cesk\u00e9ho T\u011b\u0161\u00edna, Fr\u00fddeku-M\u00edstku a Nov\u00e9ho Ji\u010d\u00edna a okol\u00ed.<\/strong><\/p>\n<p>[\/et_pb_text][\/et_pb_column][\/et_pb_row][\/et_pb_section][et_pb_section fb_built=&#8220;1&#8243; module_id=&#8220;pozice&#8220; _builder_version=&#8220;4.24.2&#8243; _module_preset=&#8220;default&#8220; custom_margin=&#8220;0%||||false|false&#8220; custom_padding=&#8220;0px||5%||false|false&#8220; global_colors_info=&#8220;{}&#8220;][et_pb_row _builder_version=&#8220;4.17.4&#8243; _module_preset=&#8220;default&#8220; custom_padding=&#8220;|||4%|false|false&#8220; global_colors_info=&#8220;{}&#8220;][et_pb_column type=&#8220;4_4&#8243; _builder_version=&#8220;4.17.4&#8243; _module_preset=&#8220;default&#8220; global_colors_info=&#8220;{}&#8220;][et_pb_text _builder_version=&#8220;4.17.4&#8243; _module_preset=&#8220;default&#8220; header_font=&#8220;|700|||||||&#8220; header_font_size=&#8220;3vw&#8220; header_font_size_tablet=&#8220;40px&#8220; header_font_size_phone=&#8220;40px&#8220; header_font_size_last_edited=&#8220;on|phone&#8220; global_colors_info=&#8220;{}&#8220;]<\/p>\n<h1>Voln\u00e9 pracovn\u00ed pozice<\/h1>\n<p>[\/et_pb_text][\/et_pb_column][\/et_pb_row][et_pb_row _builder_version=&#8220;4.24.2&#8243; _module_preset=&#8220;default&#8220; background_color=&#8220;rgba(0,0,0,0.05)&#8220; custom_margin=&#8220;||||false|false&#8220; custom_padding=&#8220;5%|5%|5%|5%|true|true&#8220; border_radii=&#8220;on|10px|10px|10px|10px&#8220; global_colors_info=&#8220;{}&#8220;][et_pb_column type=&#8220;4_4&#8243; _builder_version=&#8220;4.24.2&#8243; _module_preset=&#8220;default&#8220; global_colors_info=&#8220;{}&#8220;][et_pb_blog fullwidth=&#8220;off&#8220; include_categories=&#8220;11&#8243; show_thumbnail=&#8220;off&#8220; excerpt_length=&#8220;150&#8243; show_more=&#8220;on&#8220; show_author=&#8220;off&#8220; show_date=&#8220;off&#8220; show_categories=&#8220;off&#8220; show_pagination=&#8220;off&#8220; _builder_version=&#8220;4.27.4&#8243; _module_preset=&#8220;default&#8220; header_font=&#8220;|700|||||||&#8220; header_font_size=&#8220;25px&#8220; header_line_height=&#8220;1.7em&#8220; body_line_height=&#8220;1.8em&#8220; read_more_font=&#8220;|700|||||||&#8220; read_more_line_height=&#8220;2em&#8220; border_radii=&#8220;on|10px|10px|10px|10px&#8220; border_width_all=&#8220;5px&#8220; border_color_all=&#8220;RGBA(255,255,255,0)&#8220; box_shadow_style=&#8220;preset3&#8243; global_colors_info=&#8220;{}&#8220;][\/et_pb_blog][\/et_pb_column][\/et_pb_row][et_pb_row column_structure=&#8220;1_3,1_3,1_3&#8243; use_custom_gutter=&#8220;on&#8220; gutter_width=&#8220;2&#8243; _builder_version=&#8220;4.24.2&#8243; _module_preset=&#8220;default&#8220; global_colors_info=&#8220;{}&#8220;][et_pb_column type=&#8220;1_3&#8243; _builder_version=&#8220;4.24.2&#8243; _module_preset=&#8220;default&#8220; global_colors_info=&#8220;{}&#8220;][et_pb_image src=&#8220;https:\/\/www.plakor.cz\/wp-content\/uploads\/2024\/03\/Kariera-v-PLAKORU-45-scaled.webp&#8220; title_text=&#8220;Kari\u00e9ra v PLAKORU 45&#8243; _builder_version=&#8220;4.24.2&#8243; _module_preset=&#8220;default&#8220; border_radii=&#8220;on|10px|10px|10px|10px&#8220; global_colors_info=&#8220;{}&#8220;][\/et_pb_image][\/et_pb_column][et_pb_column type=&#8220;1_3&#8243; _builder_version=&#8220;4.24.2&#8243; _module_preset=&#8220;default&#8220; global_colors_info=&#8220;{}&#8220;][et_pb_image src=&#8220;https:\/\/www.plakor.cz\/wp-content\/uploads\/2024\/03\/Kariera-v-PLAKORU-33-scaled.webp&#8220; title_text=&#8220;Kari\u00e9ra v PLAKORU 33&#8243; _builder_version=&#8220;4.24.2&#8243; _module_preset=&#8220;default&#8220; border_radii=&#8220;on|10px|10px|10px|10px&#8220; global_colors_info=&#8220;{}&#8220;][\/et_pb_image][\/et_pb_column][et_pb_column type=&#8220;1_3&#8243; _builder_version=&#8220;4.24.2&#8243; _module_preset=&#8220;default&#8220; global_colors_info=&#8220;{}&#8220;][et_pb_image src=&#8220;https:\/\/www.plakor.cz\/wp-content\/uploads\/2024\/03\/Kariera-v-PLAKORU-51-scaled.webp&#8220; title_text=&#8220;Kari\u00e9ra v PLAKORU 51&#8243; _builder_version=&#8220;4.24.2&#8243; _module_preset=&#8220;default&#8220; border_radii=&#8220;on|10px|10px|10px|10px&#8220; global_colors_info=&#8220;{}&#8220;][\/et_pb_image][\/et_pb_column][\/et_pb_row][\/et_pb_section][et_pb_section fb_built=&#8220;1&#8243; module_id=&#8220;pozice&#8220; _builder_version=&#8220;4.24.2&#8243; _module_preset=&#8220;default&#8220; custom_margin=&#8220;0%||||false|false&#8220; custom_padding=&#8220;0px||5%||false|false&#8220; global_colors_info=&#8220;{}&#8220;][et_pb_row _builder_version=&#8220;4.17.4&#8243; _module_preset=&#8220;default&#8220; custom_padding=&#8220;|||4%|false|false&#8220; global_colors_info=&#8220;{}&#8220;][et_pb_column type=&#8220;4_4&#8243; _builder_version=&#8220;4.17.4&#8243; _module_preset=&#8220;default&#8220; global_colors_info=&#8220;{}&#8220;][et_pb_text _builder_version=&#8220;4.17.4&#8243; _module_preset=&#8220;default&#8220; header_font=&#8220;|700|||||||&#8220; header_font_size=&#8220;3vw&#8220; header_font_size_tablet=&#8220;40px&#8220; header_font_size_phone=&#8220;40px&#8220; header_font_size_last_edited=&#8220;on|phone&#8220; global_colors_info=&#8220;{}&#8220;]<\/p>\n<h1>Co uv\u00edzlo na s\u00edt\u00edch<\/h1>\n<p>[\/et_pb_text][\/et_pb_column][\/et_pb_row][et_pb_row column_structure=&#8220;1_3,1_3,1_3&#8243; disabled_on=&#8220;on|on|on&#8220; _builder_version=&#8220;4.27.4&#8243; _module_preset=&#8220;default&#8220; background_color=&#8220;rgba(0,0,0,0.05)&#8220; custom_margin=&#8220;||||false|false&#8220; custom_padding=&#8220;5%|5%|5%|5%|true|true&#8220; border_radii=&#8220;on|10px|10px|10px|10px&#8220; disabled=&#8220;on&#8220; global_colors_info=&#8220;{}&#8220;][et_pb_column type=&#8220;1_3&#8243; _builder_version=&#8220;4.24.2&#8243; _module_preset=&#8220;default&#8220; global_colors_info=&#8220;{}&#8220;][et_pb_image src=&#8220;https:\/\/www.plakor.cz\/wp-content\/uploads\/2024\/12\/Facebook-feed-3.webp&#8220; title_text=&#8220;Facebook feed 3&#8243; _builder_version=&#8220;4.27.4&#8243; _module_preset=&#8220;default&#8220; transform_translate_linked__hover=&#8220;off&#8220; border_width_all=&#8220;20px&#8220; border_color_all=&#8220;#FFFFFF&#8220; box_shadow_style=&#8220;preset3&#8243; box_shadow_spread=&#8220;-78px&#8220; global_colors_info=&#8220;{}&#8220; box_shadow_spread__hover_enabled=&#8220;on|hover&#8220; box_shadow_spread__hover=&#8220;-6px&#8220; transform_styles__hover_enabled=&#8220;on|hover&#8220; transform_scale__hover_enabled=&#8220;on|hover&#8220; transform_translate__hover_enabled=&#8220;on|hover&#8220; transform_rotate__hover_enabled=&#8220;on|hover&#8220; transform_skew__hover_enabled=&#8220;on|hover&#8220; transform_origin__hover_enabled=&#8220;on|hover&#8220; transform_translate__hover=&#8220;0px|-6px&#8220;][\/et_pb_image][\/et_pb_column][et_pb_column type=&#8220;1_3&#8243; _builder_version=&#8220;4.24.2&#8243; _module_preset=&#8220;default&#8220; global_colors_info=&#8220;{}&#8220;][et_pb_image src=&#8220;https:\/\/www.plakor.cz\/wp-content\/uploads\/2024\/12\/Facebook-feed-2.webp&#8220; title_text=&#8220;Facebook feed 2&#8243; _builder_version=&#8220;4.27.4&#8243; _module_preset=&#8220;default&#8220; transform_translate_linked__hover=&#8220;off&#8220; border_width_all=&#8220;20px&#8220; border_color_all=&#8220;#FFFFFF&#8220; box_shadow_style=&#8220;preset3&#8243; box_shadow_spread=&#8220;-78px&#8220; global_colors_info=&#8220;{}&#8220; box_shadow_spread__hover_enabled=&#8220;on|hover&#8220; box_shadow_spread__hover=&#8220;-6px&#8220; transform_styles__hover_enabled=&#8220;on|hover&#8220; transform_scale__hover_enabled=&#8220;on|hover&#8220; transform_translate__hover_enabled=&#8220;on|hover&#8220; transform_rotate__hover_enabled=&#8220;on|hover&#8220; transform_skew__hover_enabled=&#8220;on|hover&#8220; transform_origin__hover_enabled=&#8220;on|hover&#8220; transform_translate__hover=&#8220;0px|-6px&#8220;][\/et_pb_image][\/et_pb_column][et_pb_column type=&#8220;1_3&#8243; _builder_version=&#8220;4.24.2&#8243; _module_preset=&#8220;default&#8220; global_colors_info=&#8220;{}&#8220;][et_pb_image src=&#8220;https:\/\/www.plakor.cz\/wp-content\/uploads\/2024\/12\/Facebook-feed-1.webp&#8220; title_text=&#8220;Facebook feed 1&#8243; _builder_version=&#8220;4.27.4&#8243; _module_preset=&#8220;default&#8220; transform_translate_linked__hover=&#8220;off&#8220; border_width_all=&#8220;20px&#8220; border_color_all=&#8220;#FFFFFF&#8220; box_shadow_style=&#8220;preset3&#8243; box_shadow_spread=&#8220;-78px&#8220; global_colors_info=&#8220;{}&#8220; box_shadow_spread__hover_enabled=&#8220;on|hover&#8220; box_shadow_spread__hover=&#8220;-6px&#8220; transform_styles__hover_enabled=&#8220;on|hover&#8220; transform_scale__hover_enabled=&#8220;on|hover&#8220; transform_translate__hover_enabled=&#8220;on|hover&#8220; transform_rotate__hover_enabled=&#8220;on|hover&#8220; transform_skew__hover_enabled=&#8220;on|hover&#8220; transform_origin__hover_enabled=&#8220;on|hover&#8220; transform_translate__hover=&#8220;0px|-6px&#8220;][\/et_pb_image][\/et_pb_column][\/et_pb_row][et_pb_row _builder_version=&#8220;4.27.4&#8243; _module_preset=&#8220;default&#8220; background_color=&#8220;rgba(0,0,0,0.05)&#8220; custom_margin=&#8220;||||false|false&#8220; custom_padding=&#8220;5%|5%|5%|5%|true|true&#8220; border_radii=&#8220;on|10px|10px|10px|10px&#8220; global_colors_info=&#8220;{}&#8220;][et_pb_column type=&#8220;4_4&#8243; _builder_version=&#8220;4.24.2&#8243; _module_preset=&#8220;default&#8220; global_colors_info=&#8220;{}&#8220;][sb_facebook_feed feed_id=&#8220;1&#8243; _builder_version=&#8220;4.27.4&#8243; _module_preset=&#8220;default&#8220; global_colors_info=&#8220;{}&#8220;][\/sb_facebook_feed][\/et_pb_column][\/et_pb_row][\/et_pb_section][et_pb_section fb_built=&#8220;1&#8243; _builder_version=&#8220;4.24.2&#8243; _module_preset=&#8220;default&#8220; custom_margin=&#8220;0%||||false|false&#8220; custom_padding=&#8220;0px||5%||false|false&#8220; global_colors_info=&#8220;{}&#8220;][et_pb_row _builder_version=&#8220;4.17.4&#8243; _module_preset=&#8220;default&#8220; custom_padding=&#8220;|||4%|false|false&#8220; global_colors_info=&#8220;{}&#8220;][et_pb_column type=&#8220;4_4&#8243; _builder_version=&#8220;4.17.4&#8243; _module_preset=&#8220;default&#8220; global_colors_info=&#8220;{}&#8220;][et_pb_text _builder_version=&#8220;4.17.4&#8243; _module_preset=&#8220;default&#8220; header_font=&#8220;|700|||||||&#8220; header_font_size=&#8220;3vw&#8220; header_font_size_tablet=&#8220;40px&#8220; header_font_size_phone=&#8220;40px&#8220; header_font_size_last_edited=&#8220;on|phone&#8220; global_colors_info=&#8220;{}&#8220;]<\/p>\n<h1>\u010ceho si na\u0161i zam\u011bstnanci nejv\u00edce cen\u00ed<\/h1>\n<p>[\/et_pb_text][\/et_pb_column][\/et_pb_row][et_pb_row column_structure=&#8220;1_2,1_2&#8243; use_custom_gutter=&#8220;on&#8220; gutter_width=&#8220;2&#8243; make_equal=&#8220;on&#8220; _builder_version=&#8220;4.24.2&#8243; _module_preset=&#8220;default&#8220; background_color=&#8220;RGBA(255,255,255,0)&#8220; custom_padding=&#8220;0px||0px||false|false&#8220; border_radii=&#8220;on|10px|10px|10px|10px&#8220; global_colors_info=&#8220;{}&#8220;][et_pb_column type=&#8220;1_2&#8243; _builder_version=&#8220;4.24.2&#8243; _module_preset=&#8220;default&#8220; background_color=&#8220;rgba(0,0,0,0.05)&#8220; custom_padding=&#8220;6%|6%|6%|6%|true|true&#8220; border_radii=&#8220;on|10px|10px|10px|10px&#8220; global_colors_info=&#8220;{}&#8220;][et_pb_text quote_border_color=&#8220;#E02B20&#8243; _builder_version=&#8220;4.27.4&#8243; _module_preset=&#8220;default&#8220; quote_font=&#8220;|700|||||||&#8220; quote_text_color=&#8220;#000000&#8243; quote_font_size=&#8220;20px&#8220; quote_line_height=&#8220;1.4em&#8220; header_font=&#8220;|700|||||||&#8220; header_font_size=&#8220;2vw&#8220; header_line_height=&#8220;1.3em&#8220; header_2_font=&#8220;|700|||||||&#8220; header_2_line_height=&#8220;1.5em&#8220; header_3_line_height=&#8220;1.7em&#8220; header_font_size_tablet=&#8220;2vw&#8220; header_font_size_phone=&#8220;30px&#8220; header_font_size_last_edited=&#8220;on|phone&#8220; global_colors_info=&#8220;{}&#8220;]<\/p>\n<h1>PLAKOR family<\/h1>\n<p>&nbsp;<\/p>\n<h2>V\u00edc ne\u017e jen pr\u00e1ce, jsme rodina<\/h2>\n<p class=\"p1\">V PLAKOR CZECH si uv\u011bdomujeme, \u017ee skute\u010dn\u00fdm z\u00e1kladem na\u0161eho \u00fasp\u011bchu jsou lid\u00e9. Jsme v\u00edc ne\u017e jen kolegov\u00e9 \u2013 jsme <span class=\"s1\"><b>PLAKOR Family<\/b><\/span>. Zakl\u00e1d\u00e1me si na p\u0159\u00e1telsk\u00e9m a f\u00e9rov\u00e9m prost\u0159ed\u00ed, kde si vz\u00e1jemn\u011b pom\u00e1h\u00e1me, podporujeme se a spole\u010dn\u011b rosteme. Sna\u017e\u00edme se vytv\u00e1\u0159et prost\u0159ed\u00ed, kde hlas ka\u017ed\u00e9ho zam\u011bstnance m\u00e1 svou v\u00e1hu a cenu.<\/p>\n<p class=\"p1\">A proto\u017ee v\u00edme, \u017ee siln\u00e9 vztahy nevznikaj\u00ed jen u pracovn\u00edch stol\u016f, pravideln\u011b po\u0159\u00e1d\u00e1me <span class=\"s1\"><b>teambuildingov\u00e9 akce, sportovn\u00ed dny a spole\u010dn\u00e1 setk\u00e1n\u00ed<\/b><\/span>, kter\u00e1 n\u00e1s je\u0161t\u011b v\u00edce spojuj\u00ed. V\u011b\u0159\u00edme, \u017ee pr\u00e1ce m\u00e1 b\u00fdt i z\u00e1bava \u2013 a \u017ee \u00fasm\u011bv na pracovi\u0161ti nen\u00ed samoz\u0159ejmost, ale v\u00fdsledek dobr\u00fdch vztah\u016f.<\/p>\n<p class=\"p1\">Na\u0161e odpov\u011bdnost ale nekon\u010d\u00ed za branami firmy. <span class=\"s1\"><b>Podporujeme m\u00edstn\u00ed komunitu<\/b><\/span>, zapojujeme se do charitativn\u00edch projekt\u016f a r\u00e1di pom\u00e1h\u00e1me tam, kde je to pot\u0159eba. D\u00edky tomu vytv\u00e1\u0159\u00edme nejen lep\u0161\u00ed pracovn\u00ed prost\u0159ed\u00ed, ale i siln\u011bj\u0161\u00ed region, ve kter\u00e9m \u017eijeme.<\/p>\n<p class=\"p3\"><b>Spolu tvo\u0159\u00edme silnou a soudr\u017enou komunitu \u2013 spolu tvo\u0159\u00edme PLAKOR Family.<\/b><b><\/b><\/p>\n<p class=\"p1\">P\u0159idejte se k n\u00e1m a sta\u0148te se sou\u010d\u00e1st\u00ed rodiny, kter\u00e1 t\u00e1hne za jeden provaz!<\/p>\n<h2><\/h2>\n<blockquote>\n<p>P\u0159idejte se k n\u00e1m a sta\u0148te se sou\u010d\u00e1st\u00ed PLAKOR Family \u2013 rodiny, kter\u00e1 t\u00e1hne za jeden provaz!<\/p>\n<\/blockquote>\n<p>[\/et_pb_text][\/et_pb_column][et_pb_column type=&#8220;1_2&#8243; _builder_version=&#8220;4.24.2&#8243; _module_preset=&#8220;default&#8220; background_enable_image=&#8220;off&#8220; background_position=&#8220;top_left&#8220; global_colors_info=&#8220;{}&#8220;][et_pb_video src_webm=&#8220;https:\/\/www.plakor.cz\/wp-content\/uploads\/2024\/03\/Tomas.webm&#8220; _builder_version=&#8220;4.24.2&#8243; _module_preset=&#8220;default&#8220; border_radii=&#8220;on|10px|10px|10px|10px&#8220; global_colors_info=&#8220;{}&#8220;][\/et_pb_video][et_pb_text _builder_version=&#8220;4.27.4&#8243; _module_preset=&#8220;default&#8220; text_text_color=&#8220;RGBA(255,255,255,0)&#8220; background_image=&#8220;https:\/\/www.plakor.cz\/wp-content\/uploads\/2024\/03\/Kariera-v-PLAKORU-10-scaled.webp&#8220; min_height=&#8220;800px&#8220; custom_padding=&#8220;42%||42%||true|false&#8220; border_radii=&#8220;on|10px|10px|10px|10px&#8220; global_colors_info=&#8220;{}&#8220;]<\/p>\n<p>a<\/p>\n<p>[\/et_pb_text][\/et_pb_column][\/et_pb_row][et_pb_row column_structure=&#8220;1_3,1_3,1_3&#8243; use_custom_gutter=&#8220;on&#8220; gutter_width=&#8220;2&#8243; make_equal=&#8220;on&#8220; _builder_version=&#8220;4.27.4&#8243; _module_preset=&#8220;default&#8220; custom_margin=&#8220;3%||||false|false&#8220; custom_padding=&#8220;0px||0px||false|false&#8220; global_colors_info=&#8220;{}&#8220;][et_pb_column type=&#8220;1_3&#8243; _builder_version=&#8220;4.27.4&#8243; _module_preset=&#8220;default&#8220; background_enable_color=&#8220;off&#8220; background_image=&#8220;https:\/\/www.plakor.cz\/wp-content\/uploads\/2024\/03\/Kariera-v-PLAKORU-12-scaled.webp&#8220; background_position=&#8220;center_right&#8220; background_horizontal_offset=&#8220;37%&#8220; custom_padding=&#8220;3%|3%|3%|3%|true|true&#8220; border_radii=&#8220;on|10px|10px|10px|10px&#8220; global_colors_info=&#8220;{}&#8220;][\/et_pb_column][et_pb_column type=&#8220;1_3&#8243; _builder_version=&#8220;4.24.2&#8243; _module_preset=&#8220;default&#8220; background_color=&#8220;rgba(224,43,32,0.1)&#8220; custom_padding=&#8220;3%|3%|3%|3%|true|true&#8220; border_radii=&#8220;on|10px|10px|10px|10px&#8220; global_colors_info=&#8220;{}&#8220;][et_pb_text _builder_version=&#8220;4.27.4&#8243; _module_preset=&#8220;default&#8220; ul_line_height=&#8220;1.8em&#8220; header_font=&#8220;|700|||||||&#8220; header_font_size=&#8220;2vw&#8220; header_line_height=&#8220;1.3em&#8220; header_3_line_height=&#8220;1.7em&#8220; header_font_size_tablet=&#8220;2vw&#8220; header_font_size_phone=&#8220;30px&#8220; header_font_size_last_edited=&#8220;on|phone&#8220; global_colors_info=&#8220;{}&#8220;]<\/p>\n<h1>Finan\u010dn\u00ed benefity<\/h1>\n<p>&nbsp;<\/p>\n<ul>\n<li>M\u011bs\u00ed\u010dn\u00ed pr\u00e9mie<\/li>\n<li>Bonus za doch\u00e1zku (3000 K\u010d \/ m\u011bs.)<\/li>\n<li>13. a 14. plat<\/li>\n<li>\u0160irok\u00e1 \u0161k\u00e1la bonus\u016f a p\u0159\u00edplatk\u016f<\/li>\n<li>E-Stravenky v hodnot\u011b 180 K\u010d<\/li>\n<li>E-Benefity p\u0159i pracovn\u00edch v\u00fdro\u010d\u00edch a v\u00fdznamn\u00fdch osobn\u00edch ud\u00e1lostech<\/li>\n<\/ul>\n<p>[\/et_pb_text][\/et_pb_column][et_pb_column type=&#8220;1_3&#8243; _builder_version=&#8220;4.24.2&#8243; _module_preset=&#8220;default&#8220; background_color=&#8220;rgba(224,153,0,0.1)&#8220; custom_padding=&#8220;3%|3%|3%|3%|true|true&#8220; border_radii=&#8220;on|10px|10px|10px|10px&#8220; global_colors_info=&#8220;{}&#8220;][et_pb_text _builder_version=&#8220;4.27.4&#8243; _module_preset=&#8220;default&#8220; ul_line_height=&#8220;1.8em&#8220; header_font=&#8220;|700|||||||&#8220; header_font_size=&#8220;2vw&#8220; header_line_height=&#8220;1.3em&#8220; header_3_line_height=&#8220;1.7em&#8220; header_font_size_tablet=&#8220;2vw&#8220; header_font_size_phone=&#8220;30px&#8220; header_font_size_last_edited=&#8220;on|phone&#8220; global_colors_info=&#8220;{}&#8220;]<\/p>\n<h1>Dal\u0161\u00ed benefity<\/h1>\n<p>&nbsp;<\/p>\n<ul>\n<li>\u010cist\u00e9 pracovn\u00ed prost\u0159ed\u00ed<\/li>\n<li>P\u0159\u00edsp\u011bvek na penzijko<\/li>\n<li>Zv\u00fdhodn\u011bn\u00e1 Multisportka<\/li>\n<li>Mo\u017enost jazykov\u00fdch kurz\u016f zdarma<\/li>\n<li>Mo\u017enost bez\u00faro\u010dn\u00e9 p\u016fj\u010dky<\/li>\n<li>A\u017e 6 dn\u00ed dovolen\u00e9 nad z\u00e1konn\u00fd r\u00e1mec (mo\u017en\u00e9 z\u00edskat v pr\u016fb\u011bhu odpracovan\u00fdch let)<\/li>\n<\/ul>\n<p>[\/et_pb_text][\/et_pb_column][\/et_pb_row][et_pb_row column_structure=&#8220;1_2,1_2&#8243; use_custom_gutter=&#8220;on&#8220; gutter_width=&#8220;2&#8243; make_equal=&#8220;on&#8220; _builder_version=&#8220;4.24.2&#8243; _module_preset=&#8220;default&#8220; custom_margin=&#8220;3%||||false|false&#8220; custom_padding=&#8220;0px||||false|false&#8220; global_colors_info=&#8220;{}&#8220;][et_pb_column type=&#8220;1_2&#8243; _builder_version=&#8220;4.24.2&#8243; _module_preset=&#8220;default&#8220; background_color=&#8220;rgba(0,0,0,0.05)&#8220; custom_padding=&#8220;0%|0%|0%|0%|true|true&#8220; border_radii=&#8220;on|10px|10px|10px|10px&#8220; global_colors_info=&#8220;{}&#8220;][et_pb_video src_webm=&#8220;https:\/\/www.plakor.cz\/wp-content\/uploads\/2024\/03\/Vstrikovna.webm&#8220; _builder_version=&#8220;4.24.2&#8243; _module_preset=&#8220;default&#8220; custom_margin=&#8220;0px|0px|0px|0px|false|false&#8220; global_colors_info=&#8220;{}&#8220;][\/et_pb_video][\/et_pb_column][et_pb_column type=&#8220;1_2&#8243; _builder_version=&#8220;4.24.2&#8243; _module_preset=&#8220;default&#8220; background_color=&#8220;rgba(0,0,0,0.05)&#8220; custom_padding=&#8220;0%|0%|0%|0%|true|true&#8220; border_radii=&#8220;on|10px|10px|10px|10px&#8220; global_colors_info=&#8220;{}&#8220;][et_pb_video src_webm=&#8220;https:\/\/www.plakor.cz\/wp-content\/uploads\/2024\/03\/Jakub.webm&#8220; _builder_version=&#8220;4.24.2&#8243; _module_preset=&#8220;default&#8220; custom_margin=&#8220;0px|0px|0px|0px|false|false&#8220; global_colors_info=&#8220;{}&#8220;][\/et_pb_video][\/et_pb_column][\/et_pb_row][\/et_pb_section][et_pb_section fb_built=&#8220;1&#8243; _builder_version=&#8220;4.17.4&#8243; _module_preset=&#8220;default&#8220; background_color=&#8220;rgba(0,0,0,0.05)&#8220; global_colors_info=&#8220;{}&#8220;][et_pb_row _builder_version=&#8220;4.17.4&#8243; _module_preset=&#8220;default&#8220; custom_padding=&#8220;|||4%|false|false&#8220; global_colors_info=&#8220;{}&#8220;][et_pb_column type=&#8220;4_4&#8243; _builder_version=&#8220;4.17.4&#8243; _module_preset=&#8220;default&#8220; global_colors_info=&#8220;{}&#8220;][et_pb_text _builder_version=&#8220;4.20.4&#8243; _module_preset=&#8220;default&#8220; header_font=&#8220;|700|||||||&#8220; header_font_size=&#8220;3vw&#8220; header_font_size_tablet=&#8220;40px&#8220; header_font_size_phone=&#8220;40px&#8220; header_font_size_last_edited=&#8220;on|phone&#8220; global_colors_info=&#8220;{}&#8220;]<\/p>\n<h1>\u017divot u n\u00e1s ve spole\u010dnosti<\/h1>\n<p>[\/et_pb_text][\/et_pb_column][\/et_pb_row][et_pb_row _builder_version=&#8220;4.27.4&#8243; _module_preset=&#8220;default&#8220; global_colors_info=&#8220;{}&#8220;][et_pb_column type=&#8220;4_4&#8243; _builder_version=&#8220;4.27.4&#8243; _module_preset=&#8220;default&#8220; global_colors_info=&#8220;{}&#8220;][et_pb_blog fullwidth=&#8220;off&#8220; include_categories=&#8220;12&#8243; show_thumbnail=&#8220;off&#8220; show_more=&#8220;on&#8220; show_author=&#8220;off&#8220; show_date=&#8220;off&#8220; show_categories=&#8220;off&#8220; masonry_tile_background_color=&#8220;RGBA(255,255,255,0)&#8220; _builder_version=&#8220;4.27.4&#8243; _module_preset=&#8220;default&#8220; header_font=&#8220;|700|||||||&#8220; header_font_size=&#8220;20px&#8220; header_line_height=&#8220;1.7em&#8220; body_line_height=&#8220;1.8em&#8220; background_enable_color=&#8220;off&#8220; border_width_all=&#8220;0px&#8220; border_radii_image=&#8220;on|10px|10px|10px|10px&#8220; global_colors_info=&#8220;{}&#8220;][\/et_pb_blog][\/et_pb_column][\/et_pb_row][\/et_pb_section]<\/p>\n","protected":false},"excerpt":{"rendered":"<p>Kari\u00e9ra v PLAKOR CZECH bav\u00edPLAKOR CZECH Spojte se s t\u011bmi nejlep\u0161\u00edmi &nbsp; Jsme pevn\u011b p\u0159esv\u011bd\u010deni, \u017ee kl\u00ed\u010dem k na\u0161emu \u00fasp\u011bchu jsou na\u0161i zam\u011bstnanci. Proto se sna\u017e\u00edme vytv\u00e1\u0159et prost\u0159ed\u00ed, kde se c\u00edt\u00ed nejen ocen\u011bni za svou pr\u00e1ci, ale i motivov\u00e1ni k profesn\u00edmu r\u016fstu a osobn\u00edmu rozvoji. Hled\u00e1me kolegyn\u011b a kolegy s pozitivn\u00edm p\u0159\u00edstupem, kte\u0159\u00ed jsou otev\u0159eni [&hellip;]<\/p>\n","protected":false},"author":1,"featured_media":0,"parent":0,"menu_order":0,"comment_status":"closed","ping_status":"closed","template":"","meta":{"_et_pb_use_builder":"on","_et_pb_old_content":"","_et_gb_content_width":"","footnotes":""},"dipi_cpt_category":[],"class_list":["post-554","page","type-page","status-publish","hentry"],"_links":{"self":[{"href":"https:\/\/www.plakor.cz\/en\/wp-json\/wp\/v2\/pages\/554","targetHints":{"allow":["GET"]}}],"collection":[{"href":"https:\/\/www.plakor.cz\/en\/wp-json\/wp\/v2\/pages"}],"about":[{"href":"https:\/\/www.plakor.cz\/en\/wp-json\/wp\/v2\/types\/page"}],"author":[{"embeddable":true,"href":"https:\/\/www.plakor.cz\/en\/wp-json\/wp\/v2\/users\/1"}],"replies":[{"embeddable":true,"href":"https:\/\/www.plakor.cz\/en\/wp-json\/wp\/v2\/comments?post=554"}],"version-history":[{"count":70,"href":"https:\/\/www.plakor.cz\/en\/wp-json\/wp\/v2\/pages\/554\/revisions"}],"predecessor-version":[{"id":242090,"href":"https:\/\/www.plakor.cz\/en\/wp-json\/wp\/v2\/pages\/554\/revisions\/242090"}],"wp:attachment":[{"href":"https:\/\/www.plakor.cz\/en\/wp-json\/wp\/v2\/media?parent=554"}],"wp:term":[{"taxonomy":"dipi_cpt_category","embeddable":true,"href":"https:\/\/www.plakor.cz\/en\/wp-json\/wp\/v2\/dipi_cpt_category?post=554"}],"curies":[{"name":"wp","href":"https:\/\/api.w.org\/{rel}","templated":true}]}}