{"id":933,"date":"2025-01-10T12:04:17","date_gmt":"2025-01-10T11:04:17","guid":{"rendered":"https:\/\/plakor.tomoszek.com\/?page_id=933"},"modified":"2025-06-24T10:40:45","modified_gmt":"2025-06-24T08:40:45","slug":"ochrana-osobnich-udaju","status":"publish","type":"page","link":"https:\/\/www.plakor.cz\/en\/ochrana-osobnich-udaju\/","title":{"rendered":"Personal data protection"},"content":{"rendered":"<p>[et_pb_section fb_built=&#8220;1&#8243; _builder_version=&#8220;4.24.2&#8243; _module_preset=&#8220;default&#8220; custom_margin=&#8220;0%||||false|false&#8220; custom_padding=&#8220;0px||5%||false|false&#8220; global_colors_info=&#8220;{}&#8220;][et_pb_row _builder_version=&#8220;4.17.4&#8243; _module_preset=&#8220;default&#8220; custom_padding=&#8220;|||4%|false|false&#8220; global_colors_info=&#8220;{}&#8220;][et_pb_column type=&#8220;4_4&#8243; _builder_version=&#8220;4.17.4&#8243; _module_preset=&#8220;default&#8220; global_colors_info=&#8220;{}&#8220;][et_pb_text _builder_version=&#8220;4.17.4&#8243; _module_preset=&#8220;default&#8220; header_font=&#8220;|700|||||||&#8220; header_font_size=&#8220;3vw&#8220; header_font_size_tablet=&#8220;40px&#8220; header_font_size_phone=&#8220;40px&#8220; header_font_size_last_edited=&#8220;on|phone&#8220; global_colors_info=&#8220;{}&#8220;][\/et_pb_text][\/et_pb_column][\/et_pb_row][et_pb_row use_custom_gutter=&#8220;on&#8220; gutter_width=&#8220;1&#8243; make_equal=&#8220;on&#8220; _builder_version=&#8220;4.27.4&#8243; _module_preset=&#8220;default&#8220; background_color=&#8220;rgba(0,0,0,0.05)&#8220; custom_padding=&#8220;0px||0px||false|false&#8220; border_radii=&#8220;on|10px|10px|10px|10px&#8220; global_colors_info=&#8220;{}&#8220;][et_pb_column type=&#8220;4_4&#8243; _builder_version=&#8220;4.17.4&#8243; _module_preset=&#8220;default&#8220; background_enable_color=&#8220;off&#8220; custom_padding=&#8220;6%|6%|6%|6%|true|true&#8220; global_colors_info=&#8220;{}&#8220;][et_pb_text _builder_version=&#8220;4.27.4&#8243; _module_preset=&#8220;default&#8220; header_font=&#8220;|700|||||||&#8220; header_font_size=&#8220;2vw&#8220; header_line_height=&#8220;1.3em&#8220; header_3_line_height=&#8220;1.7em&#8220; max_width=&#8220;994px&#8220; module_alignment=&#8220;center&#8220; global_colors_info=&#8220;{}&#8220; custom_margin=&#8220;|273px||||&#8220; inline_fonts=&#8220;Aboreto&#8220;]<\/p>\n<p>&nbsp;<\/p>\n<h1 style=\"text-align: center;\"><span style=\"font-size: x-large;\"><strong>Z\u00c1SADY OCHRANY OSOBN\u00cdCH \u00daDAJ\u016e<\/strong><\/span><\/h1>\n<p><strong>\u00a0<\/strong>Z\u00e1sady ochrany osobn\u00edch \u00fadaj\u016f jsou tu proto, abyste sn\u00e1ze porozum\u011bli tomu, jak\u00e9 \u00fadaje o V\u00e1s shroma\u017e\u010fujeme a pro\u010d (d\u00e1le jen jako \u201e<strong>Z\u00e1sady<\/strong>\u201c). V p\u0159\u00edpad\u011b, \u017ee se rozhodnete vyu\u017e\u00edt na\u0161ich slu\u017eeb, sv\u011b\u0159ujete n\u00e1m Va\u0161e osobn\u00ed \u00fadaje. Nebereme to na lehkou v\u00e1hu a usilovn\u011b pracujeme na tom, abychom Va\u0161e osobn\u00ed \u00fadaje chr\u00e1nili a umo\u017enili V\u00e1m je spravovat.<\/p>\n<p>&nbsp;<\/p>\n<p>&nbsp;<\/p>\n<p>&nbsp;<\/p>\n<h2><span style=\"font-size: large;\"><strong style=\"color: #000000;\">NA \u00daVOD<\/strong><\/span><\/h2>\n<ul>\n<li>Pokud se budeme vyjad\u0159ovat v prvn\u00ed osob\u011b mno\u017en\u00e9ho \u010d\u00edsla jako \u201emy\u201c je t\u00edm my\u0161lena na\u0161e spole\u010dnost <strong>PLAKOR CZECH s.r.o.<\/strong>, se s\u00eddlem Pr\u016fmyslov\u00e1 367, 742 51 Mo\u0161nov, I\u010cO: 27566005 spole\u010dnost zapsan\u00e1 v obchodn\u00edm rejst\u0159\u00edku veden\u00e9m u Krajsk\u00e9ho soudu v Ostrav\u011b pod sp. zn. C 29553 vystupuj\u00edc\u00ed jako spr\u00e1vce osobn\u00edch \u00fadaj\u016f (d\u00e1le jen jako \u201e<strong>Spr\u00e1vce<\/strong>\u201c).<\/li>\n<\/ul>\n<ul>\n<li>Jakmile se vyjad\u0159ujeme o V\u00e1s v\u00a0druh\u00e9 osob\u011b mno\u017en\u00e9ho \u010d\u00edsla jako \u201eVy\u201c je t\u00edm my\u0161len z\u00e1kazn\u00edk Spr\u00e1vce, kter\u00fd se rozhodl vyu\u017e\u00edt na\u0161ich slu\u017eeb. Tato osoba m\u00e1 postaven\u00ed <strong>subjektu \u00fadaj\u016f<\/strong> (d\u00e1le jen \u201e<strong>Subjekt \u00fadaj\u016f<\/strong>\u201c).<\/li>\n<\/ul>\n<ul>\n<li>Tyto z\u00e1sady jsou zpracov\u00e1ny v\u00a0souladu s Na\u0159\u00edzen\u00ed Evropsk\u00e9ho parlamentu a Rady (EU) 2016\/679 ze dne 27. dubna 2016, o ochran\u011b fyzick\u00fdch osob v souvislosti se zpracov\u00e1n\u00edm osobn\u00edch \u00fadaj\u016f a o voln\u00e9m pohybu t\u011bchto \u00fadaj\u016f a o zru\u0161en\u00ed sm\u011brnice 95\/46\/ES (d\u00e1le jen jako \u201e<strong>GDPR<\/strong>\u201c) s a v souladu se z\u00e1konem \u010d. 110\/2019 Sb., o zpracov\u00e1n\u00ed osobn\u00edch \u00fadaj\u016f.<\/li>\n<\/ul>\n<ul>\n<li>Osobn\u00edm \u00fadajem jsou ve\u0161ker\u00e9 informace o identifikovan\u00e9 nebo identifikovateln\u00e9 fyzick\u00e9 osob\u011b; identifikovatelnou fyzickou osobou je fyzick\u00e1 osoba, kterou lze p\u0159\u00edmo \u010di nep\u0159\u00edmo identifikovat, zejm\u00e9na odkazem na ur\u010dit\u00fd identifik\u00e1tor, nap\u0159\u00edklad jm\u00e9no, identifika\u010dn\u00ed \u010d\u00edslo, loka\u010dn\u00ed \u00fadaje, s\u00ed\u0165ov\u00fd identifik\u00e1tor nebo na jeden \u010di v\u00edce zvl\u00e1\u0161tn\u00edch prvk\u016f fyzick\u00e9, fyziologick\u00e9, genetick\u00e9, psychick\u00e9, ekonomick\u00e9, kulturn\u00ed nebo spole\u010densk\u00e9 identity t\u00e9to fyzick\u00e9 osoby.<\/li>\n<\/ul>\n<ul>\n<li>Dal\u0161\u00ed pojmy (term\u00edny) jako \u201ezvl\u00e1\u0161tn\u00ed kategorie osobn\u00edch \u00fadaj\u016f\u201c, \u201esubjekt \u00fadaj\u016f\u201c, \u201ezpracov\u00e1n\u00ed osobn\u00edch \u00fadaj\u016f\u201c, \u201espr\u00e1vce\u201c, \u201ezpracovatel\u201c, \u201erizikov\u00e9 zpracov\u00e1n\u00ed\u201c, \u201eautomatick\u00e9 individu\u00e1ln\u00ed rozhodov\u00e1n\u00ed v\u010d. profilov\u00e1n\u00ed\u201c a \u201eodpov\u00eddaj\u00edc\u00ed technick\u00e1 a organiza\u010dn\u00ed opat\u0159en\u00ed\u201c maj\u00ed v\u00fdznam a je pot\u0159eba je vykl\u00e1dat v\u00a0souladu a v\u00a0kontextu s GDPR.<\/li>\n<\/ul>\n<p>&nbsp;<\/p>\n<p>&nbsp;<\/p>\n<h2><span style=\"font-size: large;\"><strong>JAK\u00c9 OSOBN\u00cd \u00daDAJE O V\u00c1S ZPRACOV\u00c1V\u00c1ME<br \/><\/strong><\/span><span style=\"font-size: 16px; color: #666666;\"><\/span><\/h2>\n<h2><span style=\"font-size: 16px; color: #666666;\">Zpracov\u00e1v\u00e1me o V\u00e1s n\u00e1sleduj\u00edc\u00ed \u00fadaje:<\/span><\/h2>\n<ul>\n<li>adresn\u00ed a identifika\u010dn\u00ed \u00fadaje: jm\u00e9no a p\u0159\u00edjmen\u00ed, datum narozen\u00ed, adresa koresponden\u010dn\u00ed, e-mail, telefon<\/li>\n<li style=\"text-align: justify;\">faktura\u010dn\u00ed a platebn\u00ed \u00fadaje: fakultativn\u011b I\u010c, DI\u010c, adresa s\u00eddla (pokud FO podnikaj\u00edc\u00ed)<\/li>\n<li style=\"text-align: justify;\">\u00fadaje o komunikaci se Spr\u00e1vcem.<\/li>\n<\/ul>\n<ul>\n<li>V\u00a0r\u00e1mci zvy\u0161ov\u00e1n\u00ed kvality slu\u017eeb, personalizace nab\u00eddky, sb\u011bru anonymn\u00edch dat a pro analytick\u00e9 \u00fa\u010dely pou\u017e\u00edv\u00e1 Spr\u00e1vce na sv\u00e9m webu tzv. soubory cookies. Za\u0161krtnut\u00edm mo\u017enosti \u201eP\u0159ijmout\u201c za\u00a0upozorn\u011bn\u00edm v\u00a0doln\u00ed \u010d\u00e1sti webov\u00e9 str\u00e1nky souhlas\u00edte pou\u017eit\u00edm zm\u00edn\u011bn\u00e9 technologie. Webov\u00e9 str\u00e1nky lze pou\u017e\u00edvat i\u00a0v re\u017eimu, kter\u00fd\u00a0<strong>neumo\u017e\u0148uje z\u00edsk\u00e1v\u00e1n\u00ed<\/strong>\u00fadaj\u016f o chov\u00e1n\u00ed n\u00e1v\u0161t\u011bvn\u00edk\u016f webu, souhlas je mo\u017en\u00e9 kdykoliv odvolat.<\/li>\n<\/ul>\n<p>&nbsp;<\/p>\n<ul>\n<li>Osobn\u00ed \u00fadaje lze ulo\u017eit po del\u0161\u00ed dobu, ne\u017e je uvedena v n\u00ed\u017ee uveden\u00e9 tabulce, pokud se tyto zpracov\u00e1vaj\u00ed v\u00fdhradn\u011b pro \u00fa\u010dely archivace ve ve\u0159ejn\u00e9m z\u00e1jmu, pro \u00fa\u010dely v\u011bdeck\u00e9ho \u010di historick\u00e9ho v\u00fdzkumu nebo pro statistick\u00e9 \u00fa\u010dely.<\/li>\n<\/ul>\n<p>&nbsp;<\/p>\n<p>&nbsp;<\/p>\n<h2><strong>\u00a0<\/strong><span style=\"font-size: large;\"><strong>\u00da\u010cEL A PR\u00c1VN\u00cd Z\u00c1KLAD ZPRACOV\u00c1N\u00cd \u2013 DOBA ZPRACOV\u00c1N\u00cd<\/strong><\/span><\/h2>\n<p><strong>\u00a0<\/strong><\/p>\n<table>\n<tbody>\n<tr>\n<td width=\"157\">\n<p><strong>Zpracov\u00e1van\u00e9 osobn\u00ed \u00fadaje<\/strong><\/p>\n<\/td>\n<td width=\"157\">\n<p><strong>\u00da\u010del zpracov\u00e1n\u00ed<\/strong><\/p>\n<\/td>\n<td width=\"157\">\n<p><strong>Pr\u00e1vn\u00ed d\u016fvod pro zpracov\u00e1n\u00ed<\/strong><\/p>\n<\/td>\n<td width=\"134\">\n<p><strong>Doba zpracov\u00e1n\u00ed<\/strong><\/p>\n<\/td>\n<\/tr>\n<tr>\n<td width=\"157\">\n<p>Adresn\u00ed a identifika\u010dn\u00ed \u00fadaje<\/p>\n<\/td>\n<td width=\"157\">\n<p>Pln\u011bn\u00ed a realizace smluvn\u00edho vztahu<\/p>\n<\/td>\n<td width=\"157\">\n<p>pln\u011bn\u00ed ze smlouvy; n\u00e1\u0161 opr\u00e1vn\u011bn\u00fd z\u00e1jem<\/p>\n<\/td>\n<td width=\"134\">\n<p>po dobu trv\u00e1n\u00ed smluvn\u00edho vztahu; po dobu 4 let od jej\u00edho ukon\u010den\u00ed; v p\u0159\u00edpad\u011b sporu se prodlu\u017euje o dobu trv\u00e1n\u00ed sporu<\/p>\n<\/td>\n<\/tr>\n<tr>\n<td width=\"157\">\n<p>Platebn\u00ed a faktura\u010dn\u00ed \u00fadaje<\/p>\n<\/td>\n<td width=\"157\">\n<p>Pln\u011bn\u00ed a realizace smluvn\u00edho vztahu, veden\u00ed \u00fa\u010detnictv\u00ed<\/p>\n<\/td>\n<td width=\"157\">\n<p>pln\u011bn\u00ed smlouvy; pln\u011bn\u00ed pr\u00e1vn\u00edch povinnost\u00ed; n\u00e1\u0161 opr\u00e1vn\u011bn\u00fd z\u00e1jem<\/p>\n<\/td>\n<td width=\"134\">\n<p>po dobu trv\u00e1n\u00ed smluvn\u00edho vztahu; po dobu 10 let od zdaniteln\u00e9ho pln\u011bn\u00ed<\/p>\n<\/td>\n<\/tr>\n<tr>\n<td width=\"157\">\n<p>\u00dadaje o komunikaci se spr\u00e1vcem<\/p>\n<\/td>\n<td width=\"157\">\n<p>pln\u011bn\u00ed a realizace smluvn\u00edho vztahu<\/p>\n<p>&nbsp;<\/p>\n<\/td>\n<td width=\"157\">\n<p>pln\u011bn\u00ed smlouvy, opr\u00e1vn\u011bn\u00fd z\u00e1jem<\/p>\n<\/td>\n<td width=\"134\">\n<p>po dobu trv\u00e1n\u00ed smluvn\u00edho vztahu; po dobu 4 let od jej\u00edho ukon\u010den\u00ed<\/p>\n<\/td>\n<\/tr>\n<\/tbody>\n<\/table>\n<p><strong>\u00a0<\/strong><\/p>\n<p><strong><\/strong><\/p>\n<h2><strong>\u00a0<\/strong><span style=\"font-size: large;\"><strong>Z\u00c1SADY ZPRACOV\u00c1N\u00cd OSOBN\u00cdCH \u00daDAJ\u016e<\/strong><\/span><\/h2>\n<ul>\n<li>Osobn\u00ed \u00fadaje zpracov\u00e1v\u00e1me korektn\u011b, z\u00e1konn\u00fdm a transparentn\u00edm zp\u016fsobem. Tyto Z\u00e1sady V\u00e1s seznamuj\u00ed s rozsahem, obsahem a zp\u016fsobem, jak\u00fdm zpracov\u00e1v\u00e1me Va\u0161e osobn\u00ed \u00fadaje.<\/li>\n<\/ul>\n<ul>\n<li>Osobn\u00ed \u00fadaje, kter\u00e9 zpracov\u00e1v\u00e1me jsou ve vztahu k na\u0161emu smluvn\u00edmu vztahu p\u0159im\u011b\u0159en\u00e9, relevantn\u00ed a omezen\u00e9 na nezbytn\u00fd rozsah pro napln\u011bn\u00ed stanoven\u00e9ho \u00fa\u010delu.<\/li>\n<\/ul>\n<ul>\n<li>Pot\u0159ebujeme, aby Va\u0161e osobn\u00ed \u00fadaje byly p\u0159esn\u00e9 a aktu\u00e1ln\u00ed. Pokud bude n\u011bkter\u00fd z V\u00e1mi poskytnut\u00fdch \u00fadaj\u016f neaktu\u00e1ln\u00ed, dejte n\u00e1m o tom v\u011bd\u011bt v co nejkrat\u0161\u00ed dob\u011b, abychom to napravili.<\/li>\n<\/ul>\n<ul>\n<li>Osobn\u00ed \u00fadaje zpracov\u00e1v\u00e1me zp\u016fsobem, kter\u00fd zaji\u0161\u0165uje jejich n\u00e1le\u017eit\u00e9 zabezpe\u010den\u00ed, v\u010detn\u011b jejich ochrany pomoc\u00ed vhodn\u00fdch technick\u00fdch nebo organiza\u010dn\u00edch opat\u0159en\u00ed p\u0159ed neopr\u00e1vn\u011bn\u00fdm \u010di protipr\u00e1vn\u00edm zpracov\u00e1n\u00edm a p\u0159ed n\u00e1hodnou ztr\u00e1tou, zni\u010den\u00edm nebo po\u0161kozen\u00edm.<\/li>\n<\/ul>\n<p>&nbsp;<\/p>\n<p>&nbsp;<\/p>\n<p>&nbsp;<\/p>\n<h2><span style=\"font-size: large;\"><strong>P\u0158\u00cdJEMCI OSOBN\u00cdCH \u00daDAJ\u016e A \u00daMYSL P\u0158EDAT INFORMACE<\/strong><\/span><\/h2>\n<h2><span style=\"font-size: 16px; color: #666666;\">Va\u0161e osobn\u00ed \u00fadaje m\u016f\u017eeme p\u0159edat tak\u00e9 t\u0159et\u00ed osob\u011b jako p\u0159\u00edjemci. Toto d\u011bl\u00e1me v\u0161ak v\u017edy pouze v od\u016fvodn\u011bn\u00fdch p\u0159\u00edpadech. Osobn\u00ed \u00fadaje m\u016f\u017eeme p\u0159edat t\u011bmto p\u0159\u00edjemc\u016fm:<\/span><\/h2>\n<ul>\n<li>zpracovatel\u016fm, kte\u0159\u00ed zpracov\u00e1vaj\u00ed Va\u0161e osobn\u00ed \u00fadaje dle na\u0161ich pokyn\u016f a vztahy s\u00a0nimi\u017e jsou o\u0161et\u0159eny dle n\u00e1le\u017eitost\u00ed \u010dl\u00e1nku 28 GDPR; nap\u0159\u00edklad spolupracuj\u00edc\u00edm advok\u00e1t\u016fm, poskytovatel\u016fm program\u016f, kter\u00e9 vyu\u017e\u00edv\u00e1me pro lep\u0161\u00ed zabezpe\u010den\u00ed a chod na\u0161ich slu\u017eeb &#8211; tito budou m\u00edt p\u0159\u00edstup pouze v\u00a0nezbytn\u00e9m rozsahu a za \u00fa\u010delem spr\u00e1vy a technick\u00e9 podpory pou\u017e\u00edvan\u00fdch program\u016f;<\/li>\n<li>org\u00e1n\u016fm ve\u0159ejn\u00e9 moci a jin\u00fdm subjekt\u016fm, jestli\u017ee to vy\u017eaduj\u00ed platn\u00e9 pr\u00e1vn\u00ed p\u0159edpisy;<\/li>\n<li>jin\u00e9 subjekty v p\u0159\u00edpad\u011b neo\u010dek\u00e1van\u00e9 ud\u00e1losti, ve kter\u00e9 je poskytnut\u00ed \u00fadaj\u016f nezbytn\u00e9 za \u00fa\u010delem ochrany \u017eivota, zdrav\u00ed, majetku nebo jin\u00e9ho ve\u0159ejn\u00e9ho z\u00e1jmu nebo je-li to nezbytn\u00e9 k ochran\u011b na\u0161ich pr\u00e1v, majetku \u010di bezpe\u010dnosti.<\/li>\n<\/ul>\n<ul>\n<li>Nem\u00e1me v\u00a0\u00famyslu p\u0159edat Va\u0161e osobn\u00ed \u00fadaje do t\u0159et\u00ed zem\u011b nebo mezin\u00e1rodn\u00ed organizaci.<\/li>\n<\/ul>\n<p><strong>\u00a0<\/strong><\/p>\n<p><strong><\/strong><\/p>\n<p><strong><\/strong><\/p>\n<p><strong><\/strong><\/p>\n<h2><span style=\"font-size: large;\"><strong>Z\u00c1SADY POU\u017d\u00cdV\u00c1N\u00cd SOUBOR\u016e COOKIES<\/strong><\/span><\/h2>\n<ul>\n<li>Soubory cookies<\/li>\n<\/ul>\n<p>Cookies jsou mal\u00e9 soubory, kter\u00e9 jsou ulo\u017eeny ve va\u0161em za\u0159\u00edzen\u00ed a kter\u00e9 n\u00e1m pom\u00e1haj\u00ed shroma\u017e\u010fovat \u00fadaje o va\u0161ich aktivit\u00e1ch. Soubory cookies n\u00e1m zejm\u00e9na umo\u017e\u0148uj\u00ed ukl\u00e1dat va\u0161e nastaven\u00ed a preference, poskytovat c\u00edlen\u00fd obsah a marketingovou komunikaci a pom\u00e1haj\u00ed n\u00e1m pochopit, kter\u00e1 \u010d\u00e1st na\u0161\u00ed webov\u00e9 str\u00e1nky je nejobl\u00edben\u011bj\u0161\u00ed a analyzovat jej\u00ed fungov\u00e1n\u00ed. Cookies mohou poch\u00e1zet od n\u00e1s (\u201e<strong>cookies prvn\u00ed strany<\/strong>\u201c) nebo od t\u0159et\u00edch stran, jejich\u017e slu\u017eby vyu\u017e\u00edv\u00e1me (\u201e<strong>cookies t\u0159et\u00edch stran<\/strong>\u201c). V\u011bt\u0161ina prohl\u00ed\u017ee\u010d\u016f p\u0159ij\u00edm\u00e1 cookies automaticky sv\u00fdm v\u00fdchoz\u00edm nastaven\u00edm. I p\u0159esto m\u00e1te mo\u017enost nastavit si prohl\u00ed\u017ee\u010d tak, aby se soubory cookies p\u0159ed ulo\u017een\u00edm zobrazovaly, nebo aby se kategoricky nepovolovaly.<\/p>\n<p><span style=\"font-size: 16px;\"><\/span><\/p>\n<p><span style=\"font-size: 16px;\">Podrobnosti o nastaven\u00ed soubor\u016f cookies a souvisej\u00edc\u00edch zm\u011bn\u00e1ch v nejb\u011b\u017en\u011bj\u0161\u00edch prohl\u00ed\u017ee\u010d\u00edch jsou k dispozici zde:<\/span><\/p>\n<ul>\n<li>Google Chrome: <a href=\"https:\/\/support.google.com\/accounts\/answer\/61416?hl=en\">https:\/\/support.google.com\/accounts\/answer\/61416?hl=en<\/a><\/li>\n<li>Internet Explorer: <a href=\"https:\/\/support.microsoft.com\/en-gb\/help\/17442\/windows-internet-explorer-deletemanage-cookies\">https:\/\/support.microsoft.com\/en-gb\/help\/17442\/windows-internet-explorer-deletemanage-cookies<\/a><\/li>\n<li>Microsoft Edge: <a href=\"https:\/\/privacy.microsoft.com\/en-us\/windows-10-microsoft-edge-and-privacy\">https:\/\/privacy.microsoft.com\/en-us\/windows-10-microsoft-edge-and-privacy<\/a><\/li>\n<li>Mozilla Firefox: <a href=\"https:\/\/support.mozilla.org\/en-US\/kb\/enable-and-disable-cookies-website-preferences\">https:\/\/support.mozilla.org\/en-US\/kb\/enable-and-disable-cookies-website-preferences<\/a><\/li>\n<li>Opera: <a href=\"https:\/\/www.opera.com\/help\/tutorials\/security\/privacy\/\">https:\/\/www.opera.com\/help\/tutorials\/security\/privacy\/<\/a><\/li>\n<li>Safari: https:\/\/support.apple.com\/kb\/PH19214?viewlocale=en_US<\/li>\n<\/ul>\n<p>Spr\u00e1vce upozor\u0148uje, \u017ee zm\u011bna nastaven\u00ed se v\u017edy vztahuje pouze na dan\u00fd prohl\u00ed\u017ee\u010d. Pokud pou\u017e\u00edv\u00e1te v\u00edce prohl\u00ed\u017ee\u010d\u016f, mus\u00edte v nich zm\u011bnit nastaven\u00ed jednotliv\u011b. D\u00e1le m\u016f\u017eete soubory cookies z medi\u00e1ln\u00ed pam\u011bti kdykoli smazat. Dal\u0161\u00ed informace jsou k dispozici ve funkc\u00edch prohl\u00ed\u017ee\u010de nebo opera\u010dn\u00edho syst\u00e9mu.<\/p>\n<p><strong>IP adresa <\/strong><\/p>\n<p>IP adresa je jedine\u010dn\u00e9 \u010d\u00edslo p\u0159i\u0159azen\u00e9 po\u010d\u00edta\u010di nebo jin\u00e9mu za\u0159\u00edzen\u00ed komunikuj\u00edc\u00edmu prost\u0159ednictv\u00edm internetov\u00e9ho protokolu. P\u0159i ka\u017ed\u00e9m p\u0159enosu dat mus\u00edte zn\u00e1t IP adresu odes\u00edlatele a p\u0159\u00edjemce.<\/p>\n<p><strong>Analytick\u00e9 skripty<\/strong><\/p>\n<p>Analytick\u00e9 skripty jsou mal\u00e9 kousky po\u010d\u00edta\u010dov\u00e9ho k\u00f3du, kter\u00e9 lze pou\u017e\u00edt ke sledov\u00e1n\u00ed u\u017eivatel\u016f a jejich chov\u00e1n\u00ed na webov\u00fdch str\u00e1nk\u00e1ch. M\u016f\u017ee se jednat o z\u00e1kladn\u00ed sledov\u00e1n\u00ed toho, zda u\u017eivatel nav\u0161t\u00edvil web, nebo pokro\u010dil\u00e9 sledov\u00e1n\u00ed, jako je p\u0159id\u00e1n\u00ed produktu do ko\u0161\u00edku, v\u00fdb\u011br produktu, odesl\u00e1n\u00ed formul\u00e1\u0159e atd. Analytick\u00e9 skripty mohou poskytnout z\u00edskan\u00e1 data t\u0159et\u00ed stran\u011b \u2013 poskytovateli po\u010d\u00edta\u010dov\u00e9ho skriptu.<\/p>\n<p><span style=\"font-size: 16px;\"><\/span><\/p>\n<p><strong><span style=\"font-size: 16px;\">Druhy cookies<\/span><\/strong><\/p>\n<ul>\n<li><strong>Technick\u00e9 <\/strong><strong>nebo funk\u010dn\u00ed soubory cookies<\/strong><\/li>\n<\/ul>\n<p>N\u011bkter\u00e9 soubory cookies zaji\u0161\u0165uj\u00ed, \u017ee ur\u010dit\u00e9 \u010d\u00e1sti webu funguj\u00ed spr\u00e1vn\u011b a \u017ee va\u0161e u\u017eivatelsk\u00e9 preference z\u016fst\u00e1vaj\u00ed zn\u00e1m\u00e9. Um\u00edst\u011bn\u00edm funk\u010dn\u00edch soubor\u016f cookies usnad\u0148ujeme n\u00e1v\u0161t\u011bvu na\u0161ich webov\u00fdch str\u00e1nek. T\u00edmto zp\u016fsobem nemus\u00edte p\u0159i n\u00e1v\u0161t\u011bv\u011b na\u0161ich webov\u00fdch str\u00e1nek opakovan\u011b zad\u00e1vat stejn\u00e9 informace a nap\u0159\u00edklad polo\u017eky z\u016fstanou v n\u00e1kupn\u00edm ko\u0161\u00edku, dokud nezaplat\u00edte. Tyto cookies m\u016f\u017eeme um\u00edstit bez va\u0161eho souhlasu.<\/p>\n<ul>\n<li><strong style=\"font-size: 16px;\">Analytick\u00e9 soubory cookies<\/strong><\/li>\n<\/ul>\n<p>Analytick\u00e9 soubory cookies vyu\u017e\u00edv\u00e1me k optimalizaci webov\u00fdch str\u00e1nek pro na\u0161e u\u017eivatele. Pomoc\u00ed t\u011bchto analytick\u00fdch soubor\u016f cookies z\u00edsk\u00e1me informace o pou\u017e\u00edv\u00e1n\u00ed na\u0161ich webov\u00fdch str\u00e1nek. \u017d\u00e1d\u00e1me v\u00e1s o souhlas k ukl\u00e1d\u00e1n\u00ed analytick\u00fdch soubor\u016f cookies.<\/p>\n<ul>\n<li><strong style=\"font-size: 16px;\">Reklamn\u00ed <\/strong><strong style=\"font-size: 16px;\">soubory cookies<\/strong><\/li>\n<\/ul>\n<p>Na tomto webu pou\u017e\u00edv\u00e1me reklamn\u00ed soubory cookies, co\u017e n\u00e1m umo\u017e\u0148uje p\u0159izp\u016fsobit reklamy za v\u00e1s a my (a t\u0159et\u00ed strany) z\u00edsk\u00e1v\u00e1me informace o v\u00fdsledc\u00edch kampan\u011b. To se d\u011bje na z\u00e1klad\u011b profilu, kter\u00fd vytvo\u0159\u00edme na z\u00e1klad\u011b va\u0161eho kliknut\u00ed a surfov\u00e1n\u00ed na\u00a0<a href=\"https:\/\/www.fortelock.cz\/\">webu<\/a> a mimo n\u011bj. S t\u011bmito cookies jste jako n\u00e1v\u0161t\u011bvn\u00edk webu spojeni s jedine\u010dn\u00fdm ID, tak\u017ee se stejn\u00e1 reklama nap\u0159\u00edklad nezobrazuje v\u00edce ne\u017e jednou. \u017d\u00e1d\u00e1me v\u00e1s o souhlas k ukl\u00e1d\u00e1n\u00ed analytick\u00fdch soubor\u016f cookies<\/p>\n<ul>\n<li><strong style=\"font-size: 16px;\">Marketingov\u00e9\/Sledovac\u00ed cookies<\/strong><\/li>\n<\/ul>\n<p>Marketingov\u00e9\/sledovac\u00ed cookies jsou soubory cookies nebo jak\u00e1koli jin\u00e1 forma m\u00edstn\u00edho \u00falo\u017ei\u0161t\u011b, kter\u00e9 se pou\u017e\u00edvaj\u00ed k vytv\u00e1\u0159en\u00ed u\u017eivatelsk\u00fdch profil\u016f k zobrazov\u00e1n\u00ed reklamy nebo ke sledov\u00e1n\u00ed u\u017eivatele na tomto webu nebo na n\u011bkolika webech pro podobn\u00e9 marketingov\u00e9 \u00fa\u010dely. Proto\u017ee tyto soubory cookies jsou ozna\u010deny jako sledovac\u00ed, \u017e\u00e1d\u00e1me v\u00e1s o jejich povolen\u00ed.<\/p>\n<p><span style=\"font-size: 16px;\"><\/span><\/p>\n<p><strong><span style=\"font-size: 16px;\">Um\u00edst\u011bn\u00e9 cookies<\/span><\/strong><\/p>\n<ul>\n<li><strong><span style=\"font-size: medium;\">Nezbytn\u00e9 (technick\u00e9) cookies<br \/><\/span><\/strong><em style=\"font-size: 16px;\">Tyto cookies jsou nezbytn\u00e9 pro z\u00e1kladn\u00ed fungov\u00e1n\u00ed webu a automaticky se aktivuj\u00ed. Nelze je odm\u00edtnout.<\/em><\/li>\n<\/ul>\n<table>\n<thead>\n<tr>\n<td>\n<p><strong>N\u00e1zev cookie<\/strong><\/p>\n<\/td>\n<td>\n<p><strong>\u00da\u010del<\/strong><\/p>\n<\/td>\n<td>\n<p><strong>Doba platnosti<\/strong><\/p>\n<\/td>\n<td>\n<p><strong>Poskytovatel<\/strong><\/p>\n<\/td>\n<\/tr>\n<\/thead>\n<tbody>\n<tr>\n<td>\n<p>language<\/p>\n<\/td>\n<td>\n<p>Udr\u017een\u00ed u\u017eivatelsk\u00e9 relace<\/p>\n<\/td>\n<td>\n<p>10 dn\u016f<\/p>\n<\/td>\n<td>\n<p>plakor.cz<\/p>\n<\/td>\n<\/tr>\n<\/tbody>\n<\/table>\n<ul>\n<li><strong>Analytick\u00e9 cookies<br \/><\/strong><em style=\"font-size: 16px;\">Tyto cookies n\u00e1m pom\u00e1haj\u00ed pochopit, jak n\u00e1v\u0161t\u011bvn\u00edci pou\u017e\u00edvaj\u00ed n\u00e1\u0161 web. Vy\u017eaduj\u00ed v\u00e1\u0161 souhlas.<\/em><\/li>\n<\/ul>\n<table>\n<thead>\n<tr>\n<td>\n<p><strong>N\u00e1zev cookie<\/strong><\/p>\n<\/td>\n<td>\n<p><strong>\u00da\u010del<\/strong><\/p>\n<\/td>\n<td>\n<p><strong>Doba platnosti<\/strong><\/p>\n<\/td>\n<td>\n<p><strong>Poskytovatel<\/strong><\/p>\n<\/td>\n<\/tr>\n<\/thead>\n<tbody>\n<tr>\n<td>\n<p>_ga<\/p>\n<\/td>\n<td>\n<p>Rozli\u0161en\u00ed u\u017eivatel\u016f pro Google Analytics<\/p>\n<\/td>\n<td>\n<p>1 roky a 1 m\u011bs\u00edc<\/p>\n<\/td>\n<td>\n<p>Google<\/p>\n<\/td>\n<\/tr>\n<tr>\n<td>\n<p><em>ga<\/em>[container-id]<\/p>\n<\/td>\n<td>\n<p>Uchov\u00e1n\u00ed stavu relace pro Google Analytics<\/p>\n<\/td>\n<td>\n<p>1 roky a 1 m\u011bs\u00edc<\/p>\n<\/td>\n<td>\n<p>Google<\/p>\n<\/td>\n<\/tr>\n<tr>\n<td>\n<p><em>_gcl_au<\/em><\/p>\n<\/td>\n<td>\n<p>Pou\u017e\u00edv\u00e1 Google AdSense pro pokusy s efektivitou reklamy na webov\u00fdch str\u00e1nk\u00e1ch vyu\u017e\u00edvaj\u00edc\u00edch jejich slu\u017eby.<\/p>\n<\/td>\n<td>\n<p>3 m\u011bs\u00edce<\/p>\n<\/td>\n<td>\n<p>Google<\/p>\n<\/td>\n<\/tr>\n<tr>\n<td>\n<p><em>sid<\/em><\/p>\n<\/td>\n<td>\n<p>Jedn\u00e1 se o velmi \u010dast\u00fd n\u00e1zev souboru cookie, ale pokud se vyskytuje jako soubor cookie relace, je pravd\u011bpodobn\u00e9, \u017ee se pou\u017e\u00edv\u00e1 pro spr\u00e1vu stavu relace.<\/p>\n<\/td>\n<td>\n<p>1 m\u011bs\u00edc<\/p>\n<\/td>\n<td>\n<p>Seznam<\/p>\n<\/td>\n<\/tr>\n<\/tbody>\n<\/table>\n<ul>\n<li><strong>Marketingov\u00e9 cookies<br \/><\/strong><em style=\"font-size: 16px;\">Tyto cookies jsou pou\u017e\u00edv\u00e1ny pro c\u00edlen\u00ed reklamy a sledov\u00e1n\u00ed efektivity marketingov\u00fdch kampan\u00ed. Vy\u017eaduj\u00ed v\u00e1\u0161 souhlas.<\/em><strong style=\"font-size: 16px;\"><\/strong><\/li>\n<\/ul>\n<p><strong style=\"font-size: 16px;\"><\/strong><\/p>\n<ul>\n<li><strong style=\"font-size: 16px;\">Cookies t\u0159et\u00edch stran (pokud jsou pou\u017e\u00edv\u00e1ny)<\/strong>\u00a0<br \/>a) Spr\u00e1va nastaven\u00ed souhlasu a mo\u017enost odstran\u011bn\u00ed cookies<br \/>U\u017eivatel m\u00e1 kdykoliv mo\u017enost zm\u011bnit sv\u00e9 p\u016fvodn\u00ed nastaven\u00ed souhlasu. Tato funkce je dostupn\u00e1 prost\u0159ednictv\u00edm ovl\u00e1dac\u00edho panelu pro spr\u00e1vu cookies, kter\u00fd se zobraz\u00ed po najet\u00ed my\u0161\u00ed do prav\u00e9ho horn\u00edho rohu prohl\u00ed\u017ee\u010de. Nen\u00ed tedy pou\u017eit klasick\u00fd odkaz, ale interaktivn\u00ed prvek reaguj\u00edc\u00ed na pohyb kurzoru.\n<p>b)Pomoc\u00ed internetov\u00e9ho prohl\u00ed\u017ee\u010de m\u016f\u017eete automaticky nebo ru\u010dn\u011b mazat soubory cookies. M\u016f\u017eete tak\u00e9 ur\u010dit, \u017ee n\u011bkter\u00e9 soubory cookies nemus\u00ed b\u00fdt um\u00edst\u011bny. Dal\u0161\u00ed mo\u017enost\u00ed je zm\u011bnit nastaven\u00ed internetov\u00e9ho prohl\u00ed\u017ee\u010de tak, aby se v\u00e1m p\u0159i ka\u017ed\u00e9m ulo\u017een\u00ed souboru cookies zobrazila zpr\u00e1va. Dal\u0161\u00ed informace o t\u011bchto mo\u017enostech naleznete v n\u00e1pov\u011bd\u011b va\u0161eho prohl\u00ed\u017ee\u010de.<\/p>\n<p>c) Vezm\u011bte pros\u00edm na v\u011bdom\u00ed, \u017ee n\u00e1\u0161 web nemus\u00ed fungovat spr\u00e1vn\u011b, pokud jsou deaktivov\u00e1ny v\u0161echny cookies. Pokud cookies sma\u017eete ve sv\u00e9m prohl\u00ed\u017ee\u010di, budou znovu um\u00edst\u011bny po va\u0161em souhlasu, kdy\u017e znovu nav\u0161t\u00edv\u00edte na\u0161e webov\u00e9 str\u00e1nky.<\/p>\n<\/li>\n<\/ul>\n<p>&nbsp;<\/p>\n<p>&nbsp;<\/p>\n<p>&nbsp;<\/p>\n<h2><span style=\"font-size: large;\"><strong>VA\u0160E PR\u00c1VA<\/strong><\/span><\/h2>\n<h2><span style=\"font-size: large;\"><strong><\/strong><\/span><span style=\"font-size: 16px; color: #666666;\">Va\u0161e pr\u00e1va jsou d\u016fle\u017eit\u00fdm prvkem ochrany osobn\u00edch \u00fadaj\u016f. Pokud se budete dom\u00e1hat jak\u00e9hokoliv Va\u0161eho n\u00ed\u017ee uveden\u00e9ho pr\u00e1va, poskytneme V\u00e1m informace o p\u0159ijat\u00fdch opat\u0159en\u00edch bez zbyte\u010dn\u00e9ho odkladu a v ka\u017ed\u00e9m p\u0159\u00edpad\u011b do jednoho m\u011bs\u00edce od obdr\u017een\u00ed Va\u0161\u00ed \u017e\u00e1dosti. Tuto lh\u016ftu m\u016f\u017eeme ve v\u00fdjime\u010dn\u00fdch p\u0159\u00edpadech prodlou\u017eit a\u017e o dva m\u011bs\u00edce. O prodlou\u017een\u00ed lh\u016fty a d\u016fvodu prodlou\u017een\u00ed V\u00e1m d\u00e1me v\u011bd\u011bt.<\/span><\/h2>\n<p><span style=\"font-size: 16px;\"><br \/>Va\u0161e osobn\u00ed \u00fadaje jsou zpracov\u00e1v\u00e1ny automatizovan\u011b v elektronick\u00e9 form\u011b.<\/span><\/p>\n<p><span style=\"font-size: 16px;\"><br \/>M\u00e1te pr\u00e1vo:<\/span><\/p>\n<ul>\n<li><strong>b\u00fdt informov\u00e1ni o zpracov\u00e1n\u00ed Va\u0161ich osobn\u00edch \u00fadaj\u016f<\/strong><\/li>\n<\/ul>\n<p>Informace o zpracov\u00e1n\u00ed Va\u0161ich osobn\u00edch \u00fadaj\u016f V\u00e1m sd\u011blujeme prost\u0159ednictv\u00edm t\u011bchto Z\u00e1sad.<\/p>\n<ul>\n<li><strong style=\"font-size: 16px;\">na p\u0159\u00edstup k\u00a0osobn\u00edm \u00fadaj\u016fm<\/strong><\/li>\n<\/ul>\n<p>Pokud o to po\u017e\u00e1d\u00e1te z\u00edsk\u00e1te od n\u00e1s informaci (potvrzen\u00ed), zda jsou \u010di nejsou Va\u0161e osobn\u00ed \u00fadaje zpracov\u00e1v\u00e1ny. Pokud jsou zpracov\u00e1v\u00e1ny m\u00e1te pr\u00e1vo z\u00edskat n\u00e1sleduj\u00edc\u00ed informace: \u00fa\u010dely zpracov\u00e1n\u00ed; kategorie dot\u010den\u00fdch osobn\u00edch \u00fadaj\u016f; p\u0159\u00edjemci nebo kategorie p\u0159\u00edjemc\u016f, kter\u00fdm osobn\u00ed \u00fadaje byly nebo budou zp\u0159\u00edstupn\u011bny; pl\u00e1novan\u00e1 doba, po kterou budou osobn\u00ed \u00fadaje ulo\u017eeny; existenci pr\u00e1va po\u017eadovat od n\u00e1s opravu nebo v\u00fdmaz osobn\u00edch \u00fadaj\u016f; pr\u00e1vo vzn\u00e9st n\u00e1mitku; pr\u00e1vo podat st\u00ed\u017enost u dozorov\u00e9ho \u00fa\u0159adu; ve\u0161ker\u00e9 dostupn\u00e9 informace o zdroji osobn\u00edch \u00fadaj\u016f, pokud nejsou z\u00edsk\u00e1ny od V\u00e1s; skute\u010dnost, \u017ee doch\u00e1z\u00ed k automatizovan\u00e9mu rozhodov\u00e1n\u00ed, v\u010detn\u011b profilov\u00e1n\u00ed. V\u011bt\u0161inu t\u011bchto informac\u00ed zjist\u00edte z t\u011bchto Z\u00e1sad, ale pokud chcete m\u016f\u017eete se na v\u00fd\u0161e uveden\u00e9 tak\u00e9 dot\u00e1zat.<\/p>\n<ul>\n<li><strong style=\"font-size: 16px;\">na opravu, resp. dopln\u011bn\u00ed<\/strong><\/li>\n<\/ul>\n<p>Pokud v\u00edte nebo se domn\u00edv\u00e1te, \u017ee zpracov\u00e1v\u00e1me Va\u0161e nep\u0159esn\u00e9 osobn\u00ed \u00fadaje, upozorn\u011bte n\u00e1s na to a my to naprav\u00edme. Pokud budete cht\u00edt n\u011bjak\u00fd ne\u00fapln\u00fd osobn\u00ed \u00fadaj doplnit s p\u0159ihl\u00e9dnut\u00edm k \u00fa\u010delu zpracov\u00e1n\u00ed, upozorn\u011bte n\u00e1s na to a my to tak\u00e9 naprav\u00edme.<\/p>\n<ul>\n<li><strong style=\"font-size: 16px;\">na v\u00fdmaz<\/strong><\/li>\n<\/ul>\n<p>Toto Va\u0161e pr\u00e1vo n\u00e1m ukl\u00e1d\u00e1 povinnost zlikvidovat Va\u0161e osobn\u00ed \u00fadaje v\u00a0souladu s\u00a0\u010dl\u00e1nkem 17 odst. 1 GDPR pokud je spln\u011bna alespo\u0148 jedna z\u00a0n\u00ed\u017ee uveden\u00fdch podm\u00ednek:<\/p>\n<ul>\n<li>osobn\u00ed \u00fadaje ji\u017e nejsou pot\u0159ebn\u00e9 pro \u00fa\u010dely, pro kter\u00e9 byly shrom\u00e1\u017ed\u011bny nebo jinak zpracov\u00e1ny;<\/li>\n<li>odvol\u00e1te souhlas a neexistuje \u017e\u00e1dn\u00fd dal\u0161\u00ed pr\u00e1vn\u00ed d\u016fvod pro zpracov\u00e1n\u00ed;<\/li>\n<li>vznesete n\u00e1mitky proti zpracov\u00e1n\u00ed a neexistuj\u00ed \u017e\u00e1dn\u00e9 p\u0159eva\u017euj\u00edc\u00ed opr\u00e1vn\u011bn\u00e9 d\u016fvody pro zpracov\u00e1n\u00ed;<\/li>\n<li>osobn\u00ed \u00fadaje byly zpracov\u00e1ny protipr\u00e1vn\u011b;<\/li>\n<li>osobn\u00ed \u00fadaje mus\u00ed b\u00fdt vymaz\u00e1ny ke spln\u011bn\u00ed pr\u00e1vn\u00ed povinnosti;<\/li>\n<li>osobn\u00ed \u00fadaje byly shrom\u00e1\u017ed\u011bny v souvislosti s nab\u00eddkou slu\u017eeb informa\u010dn\u00ed spole\u010dnosti podle \u010dl\u00e1nku 8 odst. 1 GDPR;<\/li>\n<\/ul>\n<p>a z\u00e1rove\u0148 nelze aplikovat ani jednu z v\u00fdjimek uveden\u00fdch v \u010dl. 17 odst. 3 GDPR.<\/p>\n<ul>\n<li><strong style=\"font-size: 16px;\">na omezen\u00ed zpracov\u00e1n\u00ed<\/strong><\/li>\n<\/ul>\n<p>V r\u00e1mci tohoto pr\u00e1va m\u00e1te mo\u017enost n\u00e1s po\u017e\u00e1dat, abychom omezili zpracov\u00e1n\u00ed Va\u0161ich osobn\u00edch \u00fadaj\u016f. Pokud jsou spln\u011bny podm\u00ednky dle \u010dl\u00e1nku 18 odst. 1 GDPR mus\u00edme tak u\u010dinit.<\/p>\n<ul>\n<li><strong style=\"font-size: 16px;\">na p\u0159enositelnost \u00fadaj\u016f<\/strong><\/li>\n<\/ul>\n<p>Jako subjekt \u00fadaj\u016f m\u00e1te pr\u00e1vo z\u00edskat, tedy zejm\u00e9na st\u00e1hnout, od n\u00e1s sv\u00e9 osobn\u00ed \u00fadaje ve strukturovan\u00e9m, b\u011b\u017en\u011b u\u017e\u00edvan\u00e9m a strojov\u011b \u010diteln\u00e9m form\u00e1tu a d\u00e1le m\u00e1te pr\u00e1vo na p\u0159\u00edm\u00e9 poskytnut\u00ed osobn\u00edch \u00fadaj\u016f n\u00e1mi jin\u00e9mu spr\u00e1vce.<\/p>\n<ul>\n<li><strong style=\"font-size: 16px;\">vzn\u00e9st n\u00e1mitku<\/strong><\/li>\n<\/ul>\n<p>V\u00a0n\u011bkter\u00fdch p\u0159\u00edpadech m\u00e1te mo\u017enost vzn\u00e9st tzv. n\u00e1mitku proti zpracov\u00e1n\u00ed. Jedn\u00e1 se zejm\u00e9na o situace, kdy jste nem\u011bli mo\u017enost ovlivnit to, \u017ee jsou jeho \u00fadaje zpracov\u00e1ny, a z\u00e1rove\u0148 se nejedn\u00e1 o pln\u011bn\u00ed pr\u00e1vn\u00ed povinnosti nebo \u017eivotn\u011b d\u016fle\u017eit\u00fd z\u00e1jem, kdy je tato nemo\u017enost obh\u00e1jiteln\u00e1. M\u00e1te takto mo\u017enost vzn\u00e9st t\u0159i druhy n\u00e1mitek proti zpracov\u00e1n\u00ed. Jsou to n\u00e1mitky proti:<\/p>\n<ul>\n<li>zpracov\u00e1n\u00ed na z\u00e1klad\u011b pr\u00e1vn\u00edho titulu opr\u00e1vn\u011bn\u00e9ho z\u00e1jmu a pln\u011bn\u00ed \u00fakolu prov\u00e1d\u011bn\u00e9ho ve ve\u0159ejn\u00e9m z\u00e1jmu nebo p\u0159i v\u00fdkonu ve\u0159ejn\u00e9 moci;<\/li>\n<li>zpracov\u00e1n\u00ed pro \u00fa\u010dely p\u0159\u00edm\u00e9ho marketingu na z\u00e1klad\u011b pr\u00e1vn\u00edho titulu opr\u00e1vn\u011bn\u00e9ho z\u00e1jmu;<\/li>\n<li>zpracov\u00e1n\u00ed pro \u00fa\u010dely v\u011bdeck\u00e9ho \u010di historick\u00e9ho v\u00fdzkumu nebo pro statistick\u00e9 \u00fa\u010dely.<\/li>\n<\/ul>\n<p>Je-li vznesena n\u00e1mitka, \u00fadaje d\u00e1le nezpracov\u00e1v\u00e1me, pokud neprok\u00e1\u017eeme z\u00e1va\u017en\u00e9 opr\u00e1vn\u011bn\u00e9 d\u016fvody pro zpracov\u00e1n\u00ed, kter\u00e9 p\u0159eva\u017euj\u00ed nad Va\u0161imi z\u00e1jmy nebo pr\u00e1vy a svobodami, nebo pro ur\u010den\u00ed, v\u00fdkon nebo obhajobu pr\u00e1vn\u00edch n\u00e1rok\u016f.\u00a0 Je-li vznesena n\u00e1mitka proti zpracov\u00e1n\u00ed osobn\u00edch \u00fadaj\u016f pro \u00fa\u010dely p\u0159\u00edm\u00e9ho marketingu nebo profilov\u00e1n\u00ed, mus\u00edme p\u0159estat osobn\u00ed \u00fadaje zpracov\u00e1vat.<\/p>\n<ul>\n<li><strong style=\"font-size: 16px;\">neb\u00fdt p\u0159edm\u011btem automatizovan\u00e9ho individu\u00e1ln\u00edho rozhodov\u00e1n\u00ed, v\u010detn\u011b profilov\u00e1n\u00ed<\/strong><\/li>\n<\/ul>\n<p>P\u0159i na\u0161em zpracov\u00e1v\u00e1n\u00ed Va\u0161ich osobn\u00edch \u00fadaj\u016f nedoch\u00e1z\u00ed nikdy k automatizovan\u00e9mu individu\u00e1ln\u00edmu rozhodov\u00e1n\u00ed, a to ani na z\u00e1klad\u011b profilov\u00e1n\u00ed.<\/p>\n<ul>\n<li><strong style=\"font-size: 16px;\">odvolat souhlas se zpracov\u00e1n\u00edm osobn\u00edch \u00fadaj\u016f, pokud ke zpracov\u00e1n\u00ed doch\u00e1z\u00ed na z\u00e1klad\u011b souhlasu<\/strong><\/li>\n<\/ul>\n<p>Kdykoliv m\u016f\u017eete odvolat souhlas se zpracov\u00e1n\u00edm Va\u0161ich osobn\u00edch \u00fadaj\u016f, kter\u00e9 jsou n\u00e1mi na z\u00e1klad\u011b tohoto souhlasu zpracov\u00e1v\u00e1ny.<\/p>\n<ul>\n<li><strong style=\"font-size: 16px;\">z\u00edskat informace o poru\u0161en\u00ed zabezpe\u010den\u00ed Va\u0161ich osobn\u00edch \u00fadaj\u016f<\/strong><\/li>\n<\/ul>\n<p>Pokud je pravd\u011bpodobnost, \u017ee vznikne vysok\u00e9 riziko pro Va\u0161e pr\u00e1va a svobody v d\u016fsledku poru\u0161en\u00ed na\u0161eho zabezpe\u010den\u00ed, ozn\u00e1m\u00edme V\u00e1s to bez zbyte\u010dn\u00e9ho odkladu.<\/p>\n<ul>\n<li><strong style=\"font-size: 16px;\">podat st\u00ed\u017enost u dozorov\u00e9ho \u00fa\u0159adu<\/strong><\/li>\n<\/ul>\n<p>Pokud byste nabyli dojmu, \u017ee poru\u0161ujeme sv\u00e9 povinnosti p\u0159i zpracov\u00e1v\u00e1n\u00ed Va\u0161ich osobn\u00edch \u00fadaj\u016f, m\u00e1te pr\u00e1vo podat st\u00ed\u017enost u \u00da\u0159adu pro ochranu osobn\u00edch \u00fadaj\u016f, se s\u00eddlem Pplk. Sochora 27, 170 00 Praha 7; e-mail: <a href=\"mailto:posta@uoou.cz\">posta@uoou.cz<\/a>; www: <a href=\"https:\/\/www.uoou.cz\/\">https:\/\/www.uoou.cz<\/a>; tel.: +420 234 665\u00a0111.<\/p>\n<p><strong>\u00a0<\/strong><\/p>\n<p><strong><\/strong><\/p>\n<h2><span style=\"font-size: large;\"><strong>NA\u0160E KONTAKTN\u00cd \u00daDAJE<\/strong><\/span><\/h2>\n<h2><span style=\"font-size: 16px;\">Pokud n\u00e1s budete cht\u00edt kontaktovat v\u00a0souvislosti se zpravov\u00e1n\u00edm Va\u0161ich osobn\u00edch \u00fadaj\u016f, obracejte se na n\u00e1sleduj\u00edc\u00ed kontakty:<\/span><\/h2>\n<ol>\n<li>p\u00edsemn\u011b na adresu s\u00eddla: Pr\u016fmyslov\u00e1 367, 742 51 Mo\u0161nov<\/li>\n<li>e-mailem na na\u0161i e-mailovou adresu: info@plakor.cz<\/li>\n<\/ol>\n<p><strong>\u00a0<\/strong><\/p>\n<p>TYTO Z\u00c1SADY OCHRANY OSOBN\u00cdCH \u00daDAJ\u016e NAB\u00ddVAJ\u00cd PLATNOSTI A \u00da\u010cINNOSTI DNE 24.6.2025<\/p>\n<p>&nbsp;<\/p>\n<p>&nbsp;<\/p>\n<p><strong>PLAKOR CZECH s.r.o.\u00a0\u00a0\u00a0\u00a0 <\/strong><\/p>\n<p>&nbsp;<\/p>\n<p>[\/et_pb_text][\/et_pb_column][\/et_pb_row][\/et_pb_section]<\/p>\n","protected":false},"excerpt":{"rendered":"<p>&nbsp; Z\u00c1SADY OCHRANY OSOBN\u00cdCH \u00daDAJ\u016e \u00a0Z\u00e1sady ochrany osobn\u00edch \u00fadaj\u016f jsou tu proto, abyste sn\u00e1ze porozum\u011bli tomu, jak\u00e9 \u00fadaje o V\u00e1s shroma\u017e\u010fujeme a pro\u010d (d\u00e1le jen jako \u201eZ\u00e1sady\u201c). V p\u0159\u00edpad\u011b, \u017ee se rozhodnete vyu\u017e\u00edt na\u0161ich slu\u017eeb, sv\u011b\u0159ujete n\u00e1m Va\u0161e osobn\u00ed \u00fadaje. Nebereme to na lehkou v\u00e1hu a usilovn\u011b pracujeme na tom, abychom Va\u0161e osobn\u00ed \u00fadaje chr\u00e1nili [&hellip;]<\/p>\n","protected":false},"author":1,"featured_media":0,"parent":0,"menu_order":0,"comment_status":"closed","ping_status":"closed","template":"","meta":{"_et_pb_use_builder":"on","_et_pb_old_content":"","_et_gb_content_width":"","footnotes":""},"dipi_cpt_category":[],"class_list":["post-933","page","type-page","status-publish","hentry"],"_links":{"self":[{"href":"https:\/\/www.plakor.cz\/en\/wp-json\/wp\/v2\/pages\/933","targetHints":{"allow":["GET"]}}],"collection":[{"href":"https:\/\/www.plakor.cz\/en\/wp-json\/wp\/v2\/pages"}],"about":[{"href":"https:\/\/www.plakor.cz\/en\/wp-json\/wp\/v2\/types\/page"}],"author":[{"embeddable":true,"href":"https:\/\/www.plakor.cz\/en\/wp-json\/wp\/v2\/users\/1"}],"replies":[{"embeddable":true,"href":"https:\/\/www.plakor.cz\/en\/wp-json\/wp\/v2\/comments?post=933"}],"version-history":[{"count":6,"href":"https:\/\/www.plakor.cz\/en\/wp-json\/wp\/v2\/pages\/933\/revisions"}],"predecessor-version":[{"id":241624,"href":"https:\/\/www.plakor.cz\/en\/wp-json\/wp\/v2\/pages\/933\/revisions\/241624"}],"wp:attachment":[{"href":"https:\/\/www.plakor.cz\/en\/wp-json\/wp\/v2\/media?parent=933"}],"wp:term":[{"taxonomy":"dipi_cpt_category","embeddable":true,"href":"https:\/\/www.plakor.cz\/en\/wp-json\/wp\/v2\/dipi_cpt_category?post=933"}],"curies":[{"name":"wp","href":"https:\/\/api.w.org\/{rel}","templated":true}]}}